{"id":466,"date":"2012-05-22T16:51:12","date_gmt":"2012-05-22T14:51:12","guid":{"rendered":"http:\/\/www.gsv.co.at\/?page_id=466"},"modified":"2026-02-19T14:07:40","modified_gmt":"2026-02-19T12:07:40","slug":"vergangene-veranstaltungen","status":"publish","type":"page","link":"https:\/\/www.gsv.co.at\/?page_id=466","title":{"rendered":"Archiv"},"content":{"rendered":"<p>In diesem Bereich finden Sie Unterlagen zu vergangenen GSV Veranstaltungen:<\/p>\n<ul>\n<li><strong>18.2.2026 &#8222;Die Zukunft gro\u00dfer Infrastrukturprojekte \u2013 Bewegung oder Stillstand?&#8220;<\/strong><br \/>\n<a href=\"https:\/\/www.gsv.co.at\/?page_id=172\">Fotos<\/a><br \/>\n<a href=\"https:\/\/www.gsv.co.at\/wp-content\/uploads\/Einladung Infrastrukturprojekte Stand 2025 12 18.pdf\">Einladung<\/a><\/li>\n<\/ul>\n<p>&nbsp;<\/p>\n<ul>\n<li><strong>10.9.2025 &#8222;Dekarbonisierung in der Mobilit\u00e4t \u2013 was ist realistisch?&#8220;<\/strong><br \/>\n<a href=\"https:\/\/www.gsv.co.at\/?page_id=172\">Fotos<\/a><br \/>\n<a href=\"https:\/\/www.gsv.co.at\/?page_id=1155\" rel=\"noopener\">Presseaussendung<\/a><br \/>\n<a href=\"https:\/\/www.gsv.co.at\/wp-content\/uploads\/Einladung Dekarbonisierung in der Mobilit\u00e4t 2025 09 10.pdf\">Einladung<\/a><\/li>\n<\/ul>\n<p>&nbsp;<\/p>\n<ul>\n<li><strong>4.6.2025 Transport Logistic M\u00fcnchen &#8222;Gemeinsam stark&#8220;<\/strong><br \/>\n<a href=\"https:\/\/www.gsv.co.at\/?page_id=172\">Fotos<\/a><br \/>\n<a href=\"https:\/\/www.gsv.co.at\/wp-content\/uploads\/Bericht Transport Logistic 2025.pdf\">Bericht<\/a><\/li>\n<\/ul>\n<p>&nbsp;<\/p>\n<ul>\n<li><strong>27.5.2025 &#8222;KI in der Mobilit\u00e4t \u2013 Perspektiven | Umsetzung | Grenzen&#8220;<\/strong><br \/>\n<a href=\"https:\/\/www.gsv.co.at\/?page_id=172\">Fotos<\/a><br \/>\n<a href=\"https:\/\/www.gsv.co.at\/wp-content\/uploads\/Einladung KI in der Mobilit\u00e4t 2025 05 27.pdf\">Einladung<\/a><br \/>\n<a href=\"https:\/\/www.gsv.co.at\/wp-content\/uploads\/2025 05 27 Janowicz.pdf\">Folien Janowicz, Universit\u00e4t Wien<\/a><br \/>\n<a href=\"https:\/\/www.gsv.co.at\/wp-content\/uploads\/2025 05 27 Lippert.pdf\">Folien Lippert, Microsoft<\/a><br \/>\n<a href=\"https:\/\/www.gsv.co.at\/wp-content\/uploads\/2025 05 27 Watzenig.pdf\">Folien Watzenig, Virtual Vehicle<\/a><br \/>\nBericht folgt<\/li>\n<\/ul>\n<p>&nbsp;<\/p>\n<ul>\n<li><strong>29.4.2025<\/strong> <strong>\u201eJetzt erst recht? Die Neue Seidenstra\u00dfe im H\u00f6henflug?\u201c<br \/>\n<\/strong><a href=\"https:\/\/www.gsv.co.at\/?page_id=172\">Fotos<\/a><br \/>\n<a href=\"https:\/\/www.gsv.co.at\/wp-content\/uploads\/Einladung GSV Forum Seidenstrasse Stand 2025 03 31.pdf\">Einladung<\/a><br \/>\n<a href=\"https:\/\/www.gsv.co.at\/wp-content\/uploads\/Bericht Seidenstrasse Stand 2025 08 19.pdf\">Bericht<\/a><\/li>\n<\/ul>\n<p>&nbsp;<\/p>\n<ul>\n<li><strong>26.3.2025:<\/strong> <strong>GSV \u00d6VG&nbsp; Forum \u201eStop &amp; Go am Arbeitsmarkt \u2013 wie bringen wir Angebot und Nachfrage besser zur Deckung?<br \/>\n<\/strong><a href=\"https:\/\/www.gsv.co.at\/?page_id=172\">Fotos<\/a><br \/>\n<a href=\"https:\/\/www.gsv.co.at\/wp-content\/uploads\/Einladung OEVG GSV FORUM Arbeitsmarkt 2025 03 26 (004).pdf\">Einladung<\/a><br \/>\n<a href=\"https:\/\/www.gsv.co.at\/wp-content\/uploads\/Bericht OEVG GSV Forum Fachkraefte Stand 2025 05 07.pdf\">Bericht<\/a><\/li>\n<\/ul>\n<p>&nbsp;<\/p>\n<ul>\n<li><strong>3.12.2024: Innovation vs. Regulation &#8211; wie kommen wir rascher voran?<\/strong><br \/>\n<a href=\"https:\/\/www.gsv.co.at\/?page_id=172\">Fotos<\/a><br \/>\n<a href=\"https:\/\/www.gsv.co.at\/wp-content\/uploads\/Einladung GSV Forum Innovation vs. Regulierung_ Stand 2024 11 20.pdf\">Einladung<\/a><br \/>\n<a href=\"https:\/\/www.gsv.co.at\/?page_id=1155\">Presseaussendung<\/a><br \/>\n<a href=\"https:\/\/www.gsv.co.at\/wp-content\/uploads\/2024 12 03 Turyna innovation-regulation.pdf\">Folien Turyna, EcoAustria<\/a><br \/>\n<a href=\"https:\/\/www.gsv.co.at\/wp-content\/uploads\/2024 12 03 Russ innnovation und regulierung mobilita\u0308t.pdf\">Folien Russ, AustriaTech<\/a><br \/>\n<a href=\"https:\/\/www.gsv.co.at\/wp-content\/uploads\/2024 12 03 Waldsam GSV 241203.pdf\">Folien Waldsam, Austro Control<\/a><br \/>\n<a href=\"https:\/\/www.gsv.co.at\/wp-content\/uploads\/Bericht Innovation vs Regulation 2025 01 16.pdf\">Bericht<\/a><\/li>\n<\/ul>\n<p>&nbsp;<\/p>\n<ul>\n<li><strong>11.11.2024: Daten aus dem Auto \u2013 wer bestimmt, was damit geschieht?<\/strong><br \/>\n<a href=\"https:\/\/www.gsv.co.at\/?page_id=172\">Fotos<\/a><br \/>\n<a href=\"https:\/\/www.gsv.co.at\/wp-content\/uploads\/Einladung GSV Forum Daten aus dem Auto Stand 2024 10 16.pdf\">Einladung<\/a><br \/>\n<a href=\"https:\/\/www.gsv.co.at\/wp-content\/uploads\/Bericht Daten aus dem Auto korr MR 2024 11 18.pdf\">Bericht<\/a><\/li>\n<\/ul>\n<p>&nbsp;<\/p>\n<ul>\n<li><strong>5.9.2024 L\u00e4nder\u00fcbergreifenden Austausch \u00d6sterreich &#8211; Schweiz &#8222;Potentiale und Grenzen des Schienen- und Stra\u00dfenverkehrs\u201c<\/strong><br \/>\n<a href=\"https:\/\/www.gsv.co.at\/?page_id=172\">Fotos<\/a><br \/>\n<a href=\"https:\/\/www.gsv.co.at\/wp-content\/uploads\/Einladung Potentiale und Grenzen Strasse Schiene 2024 09 05.pdf\">Einladung<\/a><br \/>\n<a href=\"https:\/\/www.gsv.co.at\/wp-content\/uploads\/Bericht Avenir Mobilite und GSV 2024 10 18.pdf\">Bericht<\/a><\/li>\n<\/ul>\n<p>&nbsp;<\/p>\n<ul>\n<li><strong>4.6.2024: Nachhaltige Mobilit\u00e4t in Unternehmen \u2013 Wege zum Erfolg<\/strong><br \/>\n<a href=\"https:\/\/www.gsv.co.at\/?page_id=172\">Fotos<\/a><br \/>\n<a href=\"https:\/\/www.gsv.co.at\/wp-content\/uploads\/Einladung GSV Forum Betriebliche Mobilitaet Stand 2024 05 15.pdf\">Einladung<\/a><br \/>\n<a href=\"https:\/\/www.gsv.co.at\/wp-content\/uploads\/2024 06 04 ASFINAG Koch.pdf\">Folien Koch, ASFINAG<\/a><br \/>\n<a href=\"https:\/\/www.gsv.co.at\/wp-content\/uploads\/2024 06 04 Blum Schoen.pdf\">Folien Sch\u00f6n, BLUM<\/a><br \/>\n<a href=\"https:\/\/www.gsv.co.at\/wp-content\/uploads\/2024 06 04 ivm Breser.pdf\">Folien Breser, ivm<\/a><br \/>\n<a href=\"https:\/\/www.gsv.co.at\/wp-content\/uploads\/Bericht zum Forum BMM 2024 07 23.pdf\">Bericht<\/a><\/li>\n<\/ul>\n<p>&nbsp;<\/p>\n<ul>\n<li><strong>4.4.2024: Fahrplan zu einer leistbaren Energiewende im Verkehr<\/strong><br \/>\n<a href=\"https:\/\/www.gsv.co.at\/wp-content\/uploads\/Einladung GSV Forum Fahrplan zur Energiewende Stand 2024 03 04.pdf\">Einladung<\/a><br \/>\n<a href=\"https:\/\/www.leadersnet.at\/foto-galerie\/25526,gsv-forum-fahrplan-zu-einer-leistbaren-energiewende-im.html\" target=\"_blank\" rel=\"noopener\">Zu den Fotos von Leadersnet<\/a><br \/>\n<a href=\"https:\/\/www.gsv.co.at\/?page_id=172\">Fotos<\/a><br \/>\n<a href=\"https:\/\/www.gsv.co.at\/wp-content\/uploads\/Bericht Energiewende 2024 05 21.pdf\">Bericht<\/a><\/li>\n<\/ul>\n<p>&nbsp;<\/p>\n<ul>\n<li><strong>14.3.2024: Schl\u00fcssel zum optimalen Bau- und St\u00f6rfallmanagement<\/strong><br \/>\n<a href=\"https:\/\/www.gsv.co.at\/wp-content\/uploads\/Einladung%20GSV%20Forum%20Baustellen-%20und%20Stoerfallmanagement%202024%2003%2014.pdf\">Einladung<\/a><br \/>\n<a href=\"https:\/\/www.gsv.co.at\/?page_id=172\">Fotos<\/a><br \/>\n<a href=\"https:\/\/www.gsv.co.at\/wp-content\/uploads\/Bericht GSV Forum Baustellenmanagement 2024 04 10.pdf\">Bericht<\/a><\/li>\n<\/ul>\n<p>&nbsp;<\/p>\n<ul>\n<li><strong>2.10.2023: Nachhaltige Mobilit\u00e4t im Tourismus \u2013 eine Herausforderung<\/strong><br \/>\n<a href=\"https:\/\/www.gsv.co.at\/wp-content\/uploads\/Reminder und Update GSV Forum Tourismus 2023 10 02.pdf\">Einladung<\/a><br \/>\n<a href=\"https:\/\/www.gsv.co.at\/?page_id=172\">Fotos<\/a><br \/>\n<a href=\"https:\/\/www.gsv.co.at\/wp-content\/uploads\/Bericht Tourismus MR 2023 10 31.pdf\">Bericht<\/a><\/li>\n<\/ul>\n<p>&nbsp;<\/p>\n<ul>\n<li><strong>12.7.2023: E-Mobility am Weg zum Durchbruch?<\/strong><br \/>\n<a href=\"https:\/\/www.gsv.co.at\/wp-content\/uploads\/Einladung GSV-Forum E Mobilitaet_LW.pdf\">Einladung<\/a><br \/>\n<a href=\"https:\/\/www.gsv.co.at\/?page_id=172\">Fotos<\/a><br \/>\n<a href=\"https:\/\/www.gsv.co.at\/wp-content\/uploads\/Bericht GSV Forum E Mobilitaet 2023 09 22.pdf\">Bericht<\/a><\/li>\n<\/ul>\n<p>&nbsp;<\/p>\n<ul>\n<li><strong>4.5.2023: Perspektive Wasserstoff in der Mobilit\u00e4t<\/strong><br \/>\n<a href=\"https:\/\/www.gsv.co.at\/wp-content\/uploads\/Einladung GSV-Forum Wasserstoff Stand 2023 05 04.pdf\">Einladung<\/a><br \/>\n<a href=\"https:\/\/www.gsv.co.at\/wp-content\/uploads\/2023 05 04 Goettfried.pdf\">Folien G\u00f6ttfried, Grazer Energieagentur<\/a><br \/>\n<a href=\"https:\/\/www.gsv.co.at\/wp-content\/uploads\/2023 05 04 Rafael Pro Danube International.pdf\">Folien Rafael, Pro Danube International<\/a><br \/>\n<a href=\"https:\/\/www.gsv.co.at\/wp-content\/uploads\/2023 05 04 Senk.pdf\">Folien Senk, Wiener Linien<\/a><br \/>\n<a href=\"https:\/\/www.gsv.co.at\/wp-content\/uploads\/2023 05 04 Sikora.pdf\">Folien Sikora, H2 Motion<\/a><br \/>\nFolien H\u00f6llinger, Shell &#8211; leider keine Freigabe<br \/>\n<a href=\"https:\/\/www.gsv.co.at\/?page_id=172\">Fotos<\/a><br \/>\n<a href=\"https:\/\/www.gsv.co.at\/wp-content\/uploads\/Bericht GSV Forum Wasserstoff 2023 06 26.pdf\">Bericht<\/a><\/li>\n<\/ul>\n<p>&nbsp;<\/p>\n<ul>\n<li><strong>23.2.2023:<\/strong> <strong>Stromspeicher \u2013 essentiell f\u00fcr die Energiewende<\/strong><br \/>\n<a href=\"https:\/\/www.gsv.co.at\/wp-content\/uploads\/Einladung_Stromspeicher%20Stand%202023%2002%2016.pdf\">Einladung<\/a><br \/>\n<a href=\"https:\/\/www.gsv.co.at\/wp-content\/uploads\/2023 02 24 Jahn.pdf\">Folien Jahn, AIT<\/a><br \/>\n<a href=\"https:\/\/www.gsv.co.at\/wp-content\/uploads\/2023 02 24 Meister.pdf\">Folien Meister, AVL<\/a><br \/>\n<a href=\"https:\/\/www.gsv.co.at\/wp-content\/uploads\/2023 02 24 Steiner.pdf\">Folien Steiner, Virtual Vehicle<\/a><br \/>\n<a href=\"https:\/\/www.gsv.co.at\/?page_id=172\">Fotos<\/a><br \/>\n<a href=\"https:\/\/www.gsv.co.at\/wp-content\/uploads\/Bericht Stromspeicher 2023 04 05.pdf\">Bericht<\/a><\/li>\n<\/ul>\n<p>&nbsp;<\/p>\n<ul>\n<li><strong>10.11.2022: Verkehrswende in der Region \u2013 bringt Digitalisierung die L\u00f6sung?<\/strong><br \/>\n<a href=\"https:\/\/www.gsv.co.at\/wp-content\/uploads\/Einladung%20GSV%20Forum%20Verkehrswende%20in%20der%20Region%202022%2010%2012.pdf\">Einladung<\/a><br \/>\n<a href=\"https:\/\/www.gsv.co.at\/wp-content\/uploads\/Bericht Verkehrswende in der Region 2022 12 21.pdf\">Bericht<\/a><br \/>\n<a href=\"https:\/\/www.gsv.co.at\/?page_id=172\">Fotos<\/a><\/li>\n<\/ul>\n<p>&nbsp;<\/p>\n<ul>\n<li><strong>5.10.2022: Backbone Stra\u00dfe \u2013 Gegenwart und Zukunft<\/strong><br \/>\n<a href=\"https:\/\/www.gsv.co.at\/wp-content\/uploads\/Einladung%20GSV%20Forum%20Strasse%20Stand%202022%2009%2014.pdf\">Einladung<\/a><br \/>\n<a href=\"https:\/\/www.gsv.co.at\/wp-content\/uploads\/2022 10 05 GSV Studie Strasse ECONOMICA.pdf\">Studie ECONOMICA &#8222;Die volkswirtschaftliche Bedeutung des \u00f6sterr. Stra\u00dfennetzes&#8220;<\/a><br \/>\n<a href=\"https:\/\/www.gsv.co.at\/wp-content\/uploads\/2022 10 05 Folien GSV Studie Strasse ECONOMICA.pdf\">Folien ECONOMICA Studie<\/a><br \/>\n<a href=\"https:\/\/www.leadersnet.at\/foto-galerie\/21152,gsv-forum-backbone-strasse-gegenwart-und-zukunft.html\" target=\"_blank\" rel=\"noopener\">Fotos von Leadersnet<\/a><br \/>\n<a href=\"https:\/\/www.gsv.co.at\/?page_id=1155\" rel=\"noopener\">Presseaussendung<\/a><br \/>\nErste Medienreaktionen im Bereich <a href=\"https:\/\/www.gsv.co.at\/?page_id=1158\">GSV in den Medien<\/a><br \/>\n<a href=\"https:\/\/www.gsv.co.at\/wp-content\/uploads\/Bericht Forum Strasse 2022 11 08.pdf\">Bericht<\/a><\/li>\n<\/ul>\n<p>&nbsp;<\/p>\n<ul>\n<li><strong>10.5.2022: Fahrzeugantriebe bis 2030 &#8211; nachhaltig und bestandswirksam<\/strong><br \/>\n<a href=\"https:\/\/www.gsv.co.at\/wp-content\/uploads\/Einladung_Antriebe%20und%20Kraftstoffe%202030%20Stand%202022%2004%2025.pdf\">Einladung<\/a><br \/>\n<a href=\"https:\/\/www.gsv.co.at\/wp-content\/uploads\/2022 05 10 Benedetto.pdf\">Folien Benedetto, EFS Consulting<\/a><br \/>\n<a href=\"https:\/\/www.gsv.co.at\/wp-content\/uploads\/2022 05 10 Haenel.pdf\">Folien Haenel, Shell<\/a><br \/>\n<a href=\"https:\/\/www.gsv.co.at\/?page_id=172\">Fotos<\/a><br \/>\n<a href=\"https:\/\/www.leadersnet.at\/foto-galerie\/20282,gsv-forum-fahrzeugantriebe-bis-2030-nachhaltig-und.html\" target=\"_blank\" rel=\"noopener\">Fotos von Leadersnet<\/a><br \/>\n<a href=\"https:\/\/www.gsv.co.at\/wp-content\/uploads\/Bericht Forum Antriebe 2030.pdf\">Bericht<\/a><\/li>\n<\/ul>\n<p>&nbsp;<\/p>\n<ul>\n<li><strong>16.3.2022: Faktencheck Kombinierter G\u00fcterverkehr<\/strong><br \/>\n<a href=\"https:\/\/www.leadersnet.at\/foto-galerie\/19662,hermes-logistik-forum.html\" target=\"_blank\" rel=\"noopener\">Fotos von Leadersnet<\/a><br \/>\n<a href=\"https:\/\/www.gsv.co.at\/wp-content\/uploads\/Bericht Logistik Forum 2022 04 11.pdf\" target=\"_blank\" rel=\"noopener\">Bericht<\/a><\/li>\n<\/ul>\n<p>&nbsp;<\/p>\n<ul>\n<li><strong>25.1.2022: Wege zum intelligenten urbanen Verkehrsmanagement<\/strong><br \/>\n<a href=\"https:\/\/www.gsv.co.at\/wp-content\/uploads\/Einladung_Wege zum urbanen Verkehrsmanagement.pdf\">Einladung<\/a><br \/>\n<a href=\"https:\/\/www.gsv.co.at\/wp-content\/uploads\/2022 01 25 Racz.pdf\">Folien Racz, Yunex Traffic Austria GmbH<\/a><br \/>\n<a href=\"https:\/\/www.gsv.co.at\/wp-content\/uploads\/2022 01 25 Reznicek.pdf\">Folien Reznicek, Kapsch TrafficCom<\/a><br \/>\n<a href=\"https:\/\/www.gsv.co.at\/?page_id=1155\">Presseaussendung<\/a><br \/>\n<a href=\"https:\/\/www.gsv.co.at\/wp-content\/uploads\/Bericht zum Forum Intelligentes Verkehrsmanagement 2022 04 08.pdf\" target=\"_blank\" rel=\"noopener\">Bericht<\/a><\/li>\n<\/ul>\n<p>&nbsp;<\/p>\n<ul>\n<li><strong>22.10.2021: Kommunale Mobilit\u00e4t neu gedacht<\/strong><br \/>\n<a href=\"https:\/\/www.gsv.co.at\/wp-content\/uploads\/Einladung%20Innovationstag%20Mobilitaet%202021%2010%2004.pdf\">Einladung<\/a><br \/>\n<a href=\"https:\/\/www.gsv.co.at\/?page_id=172\">Fotos<\/a><br \/>\n<a href=\"https:\/\/www.gsv.co.at\/wp-content\/uploads\/2021 10 22 Meissner.pdf\">Folien Meissner, Smart &amp; Safe &amp; Green Mobility<\/a><br \/>\n<a href=\"https:\/\/www.gsv.co.at\/wp-content\/uploads\/2021 10 22 Kainz.pdf\">Folien Kainz, Adolf Tobias<\/a><br \/>\n<a href=\"https:\/\/www.gsv.co.at\/wp-content\/uploads\/2021 10 22 Engleitner.pdf\">Folien Engleitner, Alphabet<\/a><br \/>\n<a href=\"https:\/\/www.gsv.co.at\/wp-content\/uploads\/2021 10 22 Aichholzer.pdf\">Folie Aichholzer, APCOA Parking<\/a><br \/>\n<a href=\"https:\/\/www.gsv.co.at\/wp-content\/uploads\/2021 10 22 Pichler.pdf\">Folien Pichler, Fluidtime<\/a><br \/>\n<a href=\"https:\/\/www.gsv.co.at\/wp-content\/uploads\/2021 10 22 Goettfried.pdf\">Folien G\u00f6ttfried, Grazer Energieagentur<\/a><br \/>\n<a href=\"https:\/\/www.gsv.co.at\/wp-content\/uploads\/2021 10 22 Heimbuchner.pdf\">Folien Heimbuchner, Onsite Data Intelligence<\/a><br \/>\n<a href=\"https:\/\/www.gsv.co.at\/wp-content\/uploads\/2021 10 22 Kaltenhauser.pdf\">Folien Kaltenhauser, ITEK<\/a><br \/>\n<a href=\"https:\/\/www.gsv.co.at\/wp-content\/uploads\/2021 10 22 Prager.pdf\">Folien Prager, Lixtec<\/a><br \/>\n<a href=\"https:\/\/www.gsv.co.at\/wp-content\/uploads\/2021 10 22 Widmann.pdf\">Folien Widmann, Prisma Solutions<\/a><br \/>\n<a href=\"https:\/\/www.gsv.co.at\/wp-content\/uploads\/2021 10 22 Friedrich.pdf\">Folien Friedrich, VELOVIO<\/a><br \/>\n<a href=\"https:\/\/www.gsv.co.at\/wp-content\/uploads\/Bericht Innovationstag 2021 11 08.pdf\">Bericht<\/a><\/li>\n<\/ul>\n<p>&nbsp;<\/p>\n<ul>\n<li><strong>5.10.2021: Drohnen &#8211; Praxis und Zukunft<\/strong><br \/>\n<a href=\"https:\/\/www.gsv.co.at\/wp-content\/uploads\/EINLADUNG%20Forum%20Drohnen%202021%2010%2005_2021%2009%2021.pdf\">Einladung<\/a><br \/>\n<a href=\"https:\/\/www.gsv.co.at\/?page_id=172\">Fotos<\/a><br \/>\n<a href=\"https:\/\/www.leadersnet.at\/foto-galerie\/19046,gsv-forum-drohnen-praxis-und-zukunft.html\" target=\"_blank\" rel=\"noopener\">Fotos Leadersnet<\/a><br \/>\n<a href=\"https:\/\/www.gsv.co.at\/wp-content\/uploads\/2021 10 05 Dorfmayr.pdf\">Folien Dorfmayr, Austro Control<\/a><br \/>\n<a href=\"https:\/\/www.gsv.co.at\/wp-content\/uploads\/2021 10 05 Mrstik.pdf\">Folien Mrstik, D-ARIA<\/a><br \/>\n<a href=\"https:\/\/www.gsv.co.at\/wp-content\/uploads\/Bericht Drohnen 2021 10 19.pdf\">Bericht<\/a><\/li>\n<\/ul>\n<p>&nbsp;<\/p>\n<ul>\n<li><strong>21.9.2021: Mobility Talk &#8222;Die Zukunft des Parkens&#8220;<br \/>\n<\/strong><a href=\"https:\/\/www.gsv.co.at\/wp-content\/uploads\/Einladung Zukunft des Parkens 2021 09 21.pdf\" target=\"_blank\" rel=\"noopener\">Einladung<\/a><strong><br \/>\n<\/strong><a href=\"https:\/\/businessblog.magenta.at\/mobility-talk-die-zukunft-des-parkens\" target=\"_blank\" rel=\"noopener\">Bericht von Magenta<\/a><br \/>\n<a href=\"https:\/\/www.gsv.co.at\/wp-content\/uploads\/Bericht Die Zukunft des Parkens_2021 09 21.pdf\">Bericht<\/a><br \/>\n<a href=\"https:\/\/www.youtube.com\/watch?v=O8N8MlGj1Ig&amp;t=9s\" target=\"_blank\" rel=\"noopener\">Video<\/a><br \/>\n&nbsp;&nbsp;<\/li>\n<li><strong>24.6.2021: AnachB Forum &#8222;Innovationen f\u00fcr den G\u00fcterverkehr in der Os<\/strong><strong>tregion\u201c<\/strong><br \/>\n<a href=\"https:\/\/www.gsv.co.at\/wp-content\/uploads\/Einladung Gueterverkehr Ostregion 24 06 2021.pdf\">Einladung<\/a><br \/>\n<a href=\"https:\/\/www.gsv.co.at\/wp-content\/uploads\/2021 06 24 Lukesch.pdf\">Folien Lukesch, ITS Vienna Region<\/a><br \/>\n<a href=\"https:\/\/www.gsv.co.at\/wp-content\/uploads\/2021 06 24 Unterholzner.pdf\">Folien Unterholzner, WLB<\/a><br \/>\n<a href=\"https:\/\/www.gsv.co.at\/?page_id=1155\">Presseaussendung<\/a><br \/>\n<a href=\"https:\/\/www.gsv.co.at\/wp-content\/uploads\/Bericht GSV Forum Gueterverkehr in der Ostregion 2021 08 27.pdf\">Bericht<\/a><\/li>\n<\/ul>\n<p>&nbsp;<\/p>\n<ul>\n<li><strong>6.5.2021: &#8222;Klimaneutralit\u00e4t findet Stadt&#8220;<\/strong><br \/>\n<a href=\"https:\/\/youtu.be\/FMA4rVqYw0A\" target=\"_blank\" rel=\"noopener\">Zur Aufnahme des Webinars<\/a><br \/>\n<a href=\"https:\/\/www.gsv.co.at\/wp-content\/uploads\/2021 05 06 Russ.pdf\" target=\"_blank\" rel=\"noopener\">Folien Russ, AustriaTech<\/a><br \/>\n<a href=\"https:\/\/www.gsv.co.at\/wp-content\/uploads\/EINLADUNG%20Forum%20Klimaneutralitaet%20findet%20Stadt.pdf\">Einladung<\/a><br \/>\n<a href=\"https:\/\/www.gsv.co.at\/?page_id=1155\">Presseaussendung<\/a><br \/>\n<a href=\"https:\/\/www.gsv.co.at\/wp-content\/uploads\/Bericht Klimaneutralitaet findet Stadt.pdf\">Bericht<\/a><\/li>\n<\/ul>\n<p>&nbsp;<\/p>\n<ul>\n<li><strong>18.3.2021: &#8222;Update Innovationspartnerschaft&#8220;<\/strong><br \/>\n<a href=\"https:\/\/youtu.be\/0bqvX_mwrDs\" target=\"_blank\" rel=\"noopener\">Zur Aufnahme des Webinars<\/a><br \/>\n<a href=\"https:\/\/www.gsv.co.at\/wp-content\/uploads\/2021 03 18 Achleitner.pdf\">Folien Achleitner, APG<\/a><br \/>\n<a href=\"https:\/\/www.gsv.co.at\/wp-content\/uploads\/2021 03 18 Boussetta.pdf\">Folien Boussetta, Europ\u00e4ische Kommission (DG GROW)<\/a><br \/>\n<a href=\"https:\/\/www.gsv.co.at\/wp-content\/uploads\/2021 03 18 Greiner.pdf\">Folien Greiner, ASFINAG<\/a><br \/>\n<a href=\"https:\/\/www.gsv.co.at\/wp-content\/uploads\/2021 03 18 Maier.pdf\">Folien Maier, I\u00d6B<\/a><br \/>\n<a href=\"https:\/\/www.gsv.co.at\/wp-content\/uploads\/2021 03 18 Moick.pdf\">Folien Moick, FSM Rechtsanw\u00e4lte<\/a><br \/>\n<a href=\"https:\/\/www.gsv.co.at\/wp-content\/uploads\/2021 03 18 Niehaus.pdf\">Folien Niehaus, Nahverkehrsverbund Schleswig-Holstein<\/a><br \/>\n<a href=\"https:\/\/www.gsv.co.at\/wp-content\/uploads\/2021 03 18 Schuhmacher.pdf\">Folien Schumacher, Deutscher Wetterdienst<\/a><br \/>\n<a href=\"https:\/\/www.gsv.co.at\/wp-content\/uploads\/2021 03 18 Zacherl.pdf\">Folien Zacherl, FFG<\/a><br \/>\n<a href=\"https:\/\/www.gsv.co.at\/wp-content\/uploads\/Bericht Forum Update Innovationspartnerschaft 2021 04 23.pdf\">Bericht<\/a><br \/>\n<a href=\"https:\/\/www.gsv.co.at\/wp-content\/uploads\/Einladung GSV Forum Innovationspartnerschaft 18 03 2021.pdf\">Einladung<\/a><\/li>\n<\/ul>\n<p>&nbsp;<\/p>\n<ul>\n<li><strong>25.2.2021: \u201c<b>Cyberangriffe \u2013 Erfahrungen und Gegenstrategien<\/b><\/strong><br \/>\n<a href=\"https:\/\/www.gsv.co.at\/wp-content\/uploads\/EINLADUNG%20GSV%20Forum%20Cyberangriffe%202021%2002%2025.pdf\">Einladung<\/a><br \/>\n<a href=\"https:\/\/www.gsv.co.at\/wp-content\/uploads\/Bericht Forum Cyberattacken 2021 02 25.pdf\">Bericht<\/a><\/li>\n<\/ul>\n<p>&nbsp;<\/p>\n<ul>\n<li><strong>27.1.2021: &#8222;Nachhaltig und ohne Barrieren auf der Donau&#8220;<br \/>\n<\/strong><a href=\"https:\/\/youtu.be\/KSDXvjhXwCc\" target=\"_blank\" rel=\"noopener\">Zur Aufnahme des Webinars<\/a><br \/>\n<a href=\"https:\/\/www.gsv.co.at\/wp-content\/uploads\/2021 01 27 viadonau.pdf\">Folien Hartl und Staewa, viadonau<\/a><br \/>\n<a href=\"https:\/\/www.gsv.co.at\/wp-content\/uploads\/2021 01 27 Viking River Cruises.pdf\">Folien Bogler, Viking River Cruises<\/a><br \/>\n<a href=\"https:\/\/www.gsv.co.at\/wp-content\/uploads\/Bericht Dialog Binnenschifffahrt 2021 01 27.pdf\">Bericht<\/a><br \/>\n<a href=\"https:\/\/www.gsv.co.at\/wp-content\/uploads\/EINLADUNG GSV Dialog Donauschifffahrt_27 01 2020.pdf\">Einladung<\/a><\/li>\n<\/ul>\n<p>&nbsp;<\/p>\n<ul>\n<li><strong>4.11.2020 &#8222;Was darf der \u00f6ffentliche Verkehr kosten?&#8220;<br \/>\n<\/strong><a href=\"https:\/\/youtu.be\/vbozXmR858M\" target=\"_blank\" rel=\"noopener noreferrer\">Zur Aufnahme des Webinars<\/a><br \/>\n<a href=\"https:\/\/www.gsv.co.at\/wp-content\/uploads\/2020 11 04 Brockmeyer.pdf\">Folien Brockmeyer, Civity Management Consultants<\/a><br \/>\n<a href=\"https:\/\/www.gsv.co.at\/wp-content\/uploads\/2020 11 04 St\u00fcckelberger.pdf\">Folien St\u00fcckelberger, Verband \u00f6ffentlicher Verkehr (V\u00f6V)<\/a><br \/>\n<a href=\"https:\/\/www.gsv.co.at\/?page_id=1155\">Presseaussendung<\/a><br \/>\n<a href=\"https:\/\/www.gsv.co.at\/wp-content\/uploads\/Bericht Was darf der OEV kosten 2020 11 18.pdf\">Bericht<\/a><br \/>\n<a href=\"https:\/\/www.gsv.co.at\/wp-content\/uploads\/EINLADUNG Forum Was darf der OEV kosten.pdf\">Einladung<\/a><\/li>\n<\/ul>\n<p>&nbsp;<\/p>\n<ul>\n<li><strong>22.10.2020<\/strong> <strong>Teralytics Webinar \u201e<b>Mit Mobilfunkdaten zu effizienten Mobilit\u00e4tsl\u00f6sungen<\/b>\u201c in Kooperation&nbsp; mit GSV und Drei <\/strong><br \/>\n<a href=\"https:\/\/youtu.be\/07fI4_mF0Os\" target=\"_blank\" rel=\"noopener noreferrer\">Zur Aufnahme des Webinars<\/a><br \/>\n<a href=\"https:\/\/www.gsv.co.at\/wp-content\/uploads\/2020 10 22 Teralytics Webinar Drei GSV.pdf\">Zu den Folien<\/a><\/li>\n<\/ul>\n<p>&nbsp;<\/p>\n<ul>\n<li><strong>12.10.2020 \u201eGreen, Smart, Digital \u2013 innovative L\u00f6sungen im \u00f6ffentlichen Bereich\u201c<\/strong><br \/>\n<a href=\"https:\/\/www.gsv.co.at\/wp-content\/uploads\/EINLADUNG Innovative Loesungen_2020 10 12_Live Stream.pdf\">Programm<\/a><br \/>\n<a href=\"https:\/\/www.gsv.co.at\/?page_id=172\">Fotos<\/a><br \/>\n<a href=\"https:\/\/www.gsv.co.at\/wp-content\/uploads\/Bericht GSV Forum 12 10 2020.pdf\">Bericht<\/a><br \/>\n<a href=\"https:\/\/www.gsv.co.at\/wp-content\/uploads\/Kontaktdaten Pitch-Teilnehmer.pdf\">Kontaktdaten Pitch-Teilnehmer<\/a><br \/>\n<a href=\"https:\/\/www.youtube.com\/watch?v=K-cZplF2aWQ\" target=\"_blank\" rel=\"noopener noreferrer\">Video-Aufnahme vom Livestream<\/a><br \/>\n<a href=\"https:\/\/www.gsv.co.at\/wp-content\/uploads\/2020 10 12 T-Systems.pdf\">Folien Lenz, T-Systems<\/a><br \/>\n<a href=\"https:\/\/www.gsv.co.at\/wp-content\/uploads\/2020 10 12 AIT.pdf\">Folien Rosenkranz, AIT<\/a><br \/>\n<a href=\"https:\/\/www.gsv.co.at\/wp-content\/uploads\/2020 10 12 Consualia.pdf\">Folien Hecke, Consualia<\/a><br \/>\n<a href=\"https:\/\/www.gsv.co.at\/wp-content\/uploads\/2020 10 12 GIFASGmundner.pdf\">Folien Petschacher, GIFAS<\/a><br \/>\n<a href=\"https:\/\/www.gsv.co.at\/wp-content\/uploads\/2020 10 12 Drei.pdf\">Folien M\u00fcllner, Drei<\/a><br \/>\n<a href=\"https:\/\/www.gsv.co.at\/wp-content\/uploads\/2020 10 12 ISTmobil.pdf\">Folien Potocsnyek, ISTmobil<\/a><br \/>\n<a href=\"https:\/\/www.gsv.co.at\/wp-content\/uploads\/2020 10 12 JoBike.pdf\">Folien Mussnig, JOBike<\/a><br \/>\n<a href=\"https:\/\/www.gsv.co.at\/wp-content\/uploads\/2020 10 12 LimeCam.pdf\">Folien Wolf, LimeCam<\/a><br \/>\n<a href=\"https:\/\/www.gsv.co.at\/wp-content\/uploads\/2020 10 12 MO.Point.pdf\">Folien Arbeithuber, Mo.Point<\/a><br \/>\n<a href=\"https:\/\/www.gsv.co.at\/wp-content\/uploads\/2020 10 12 NXRT.pdf\">Folien Wagner, NXRT<\/a><br \/>\n<a href=\"https:\/\/www.gsv.co.at\/wp-content\/uploads\/2020 10 12 SMATRICS .pdf\">Folien Lausch, SMATRICS<\/a><br \/>\n<a href=\"https:\/\/www.gsv.co.at\/wp-content\/uploads\/2020 10 12 ummadum.pdf\">Folien Schader, Ummadum<\/a><br \/>\n<a href=\"https:\/\/www.gsv.co.at\/wp-content\/uploads\/2020 10 12 VPS.pdf\">Folien Plata, Viewpointsystem<\/a><\/li>\n<\/ul>\n<p>&nbsp;<\/p>\n<ul>\n<li><strong>8.07.2020 &#8222;Intelligentes Management von Menschenstr\u00f6men\u201c<br \/>\n<\/strong><a href=\"https:\/\/www.gsv.co.at\/wp-content\/uploads\/EINLADUNG Intelligentes Management Menschenstroeme Stand 2020 06 26.pdf\">Einladung<\/a>&nbsp;&nbsp;<br \/>\n<a href=\"https:\/\/www.gsv.co.at\/wp-content\/uploads\/Bericht GSV Dialog Intelligentes Management von Menschenstroemen 2020 08 20.pdf\">Bericht<\/a> &nbsp;&nbsp;&nbsp;&nbsp;&nbsp;&nbsp;&nbsp;&nbsp;<\/li>\n<\/ul>\n<p>&nbsp;<\/p>\n<ul>\n<li><strong>30.01.2020<\/strong> &#8222;<strong>Fahrerassistenzsysteme \u2013 Helfer oder l\u00e4stige Beifahrer?\u201c<br \/>\n<\/strong><a href=\"https:\/\/www.gsv.co.at\/wp-content\/uploads\/EINLADUNG Forum Fahrerassistenzsysteme Stand 2020 01 21.pdf\">Einladung<\/a>&nbsp;<br \/>\n<a href=\"https:\/\/www.gsv.co.at\/?page_id=172\">Fotos<\/a><br \/>\n<a href=\"https:\/\/www.gsv.co.at\/wp-content\/uploads\/2020 01 30 Folien Kuehschelm.pdf\">Folien K\u00fchschelm, BMVIT<\/a><br \/>\n<a href=\"https:\/\/www.gsv.co.at\/wp-content\/uploads\/2020 01 30 Folien Steiner.pdf\">Folien Steiner, TTTech<\/a><br \/>\n<a href=\"https:\/\/www.gsv.co.at\/wp-content\/uploads\/Bericht Fahrerassistenzsysteme 2020 03 30.pdf\">Bericht<\/a><\/li>\n<\/ul>\n<p>&nbsp;<\/p>\n<ul>\n<li><strong>8.10.2019 &#8222;GalileoNOW \u2013 n\u00fctzen wir die Chancen!\u201c<\/strong><br \/>\nZu den <a href=\"https:\/\/www.leadersnet.at\/foto-galerie\/16022,gsv-forum-galileonow-nuetzen-wir-die-chancen.html\" target=\"_blank\" rel=\"noopener noreferrer\">Fotos von Leadersnet<\/a><br \/>\n<a href=\"https:\/\/www.gsv.co.at\/?page_id=172\">Fotos<\/a><br \/>\n<a href=\"https:\/\/www.gsv.co.at\/wp-content\/uploads\/EINLADUNG GSV Forum Galileo_08 10 2019.pdf\">Einladung<\/a><br \/>\n<a href=\"https:\/\/www.gsv.co.at\/wp-content\/uploads\/2019 10 08 GSA.pdf\">Folien Aguliera &amp; Lopour, GSA<\/a><br \/>\n<a href=\"https:\/\/www.gsv.co.at\/wp-content\/uploads\/2019 10 08 Ariaudo.pdf\">Folien Ariaudo, PwC<\/a><br \/>\n<a href=\"https:\/\/www.gsv.co.at\/wp-content\/uploads\/2019 10 08 Klock.pdf\">Folien Klock, Austro Control<\/a><br \/>\n<a href=\"https:\/\/www.gsv.co.at\/wp-content\/uploads\/2019 10 08 Koegeler.pdf\">Folien K\u00f6geler, AVL<\/a><br \/>\n<a href=\"https:\/\/www.gsv.co.at\/wp-content\/uploads\/2019 10 08 Lesch.pdf\">Folien Lesch, OHB<\/a><br \/>\n<a href=\"https:\/\/www.gsv.co.at\/wp-content\/uploads\/2019 10 08 Muckenhuber.pdf\">Folie Muckenhuber, Virtual Vehicle<\/a><br \/>\n<a href=\"https:\/\/www.pwc.fr\/en\/industrie\/secteur-spatial\/pwc-space-team-public-reports-and-articles\/main-trends-and-challenges-in-the-space-sector-2019.html\" target=\"_blank\" rel=\"noopener noreferrer\">Link zur &#8222;Space Trends&#8220; brochure von PwC<\/a><br \/>\n<a href=\"https:\/\/www.gsv.co.at\/wp-content\/uploads\/Bericht Galileo 2019 10 08.pdf\">Bericht<\/a><\/li>\n<\/ul>\n<p>&nbsp;<\/p>\n<ul>\n<li><strong>26.9.2019<\/strong> <strong>GSV\/ITS Vienna Region<\/strong> <strong>\u201eDigitalisierung und Verkehrsverwaltung \u2013 Innovationen und Perspektiven mit Fokus Ostregion\u201c<\/strong><br \/>\n<a href=\"https:\/\/www.gsv.co.at\/wp-content\/uploads\/EINLADUNG AnachB Forum 2019 09 26_MR.pdf\">Einladung<\/a><br \/>\n<a href=\"https:\/\/www.gsv.co.at\/?page_id=172\">Fotos<\/a><br \/>\n<a href=\"http:\/\/service1.its-viennaregion.at\/m\/gsv\/index.html\" target=\"_blank\" rel=\"noopener noreferrer\">Folien Fiby, ITS Vienna Region<\/a><br \/>\n<a href=\"https:\/\/www.gsv.co.at\/wp-content\/uploads\/2019 09 26 Kronawitter.pdf\">Folien Kronawitter, ITS Schweiz<\/a><br \/>\n<a href=\"https:\/\/www.gsv.co.at\/wp-content\/uploads\/Bericht zum AnachB Forum 2019.pdf\">Bericht<\/a><\/li>\n<\/ul>\n<p>&nbsp;<\/p>\n<ul>\n<li><strong>26.6.2019 &#8222;Alternative Antriebe im \u00d6V \u2013 droht eine Kostenlawine?\u201c<\/strong><br \/>\n<a href=\"https:\/\/www.gsv.co.at\/wp-content\/uploads\/EINLADUNG GSV Forum_Alternative Antriebe im \u00d6V_26 06 19.pdf\">Einladung<\/a><br \/>\n<a href=\"https:\/\/www.gsv.co.at\/wp-content\/uploads\/2019 06 26 Salmhofer.pdf\">Folien Salmhofer, BMVIT<\/a><br \/>\n<a href=\"https:\/\/www.gsv.co.at\/?page_id=172\">Fotos<\/a><br \/>\n<a href=\"https:\/\/www.gsv.co.at\/wp-content\/uploads\/Bericht Alternative Antriebe \u00d6V 26 06 2019.pdf\">Bericht<\/a><\/li>\n<\/ul>\n<p>&nbsp;<\/p>\n<ul>\n<li><strong>3.6.2019 &#8222;Zuk\u00fcnftiger Einsatz von Drohnen in \u00d6sterreich&#8220;<\/strong><br \/>\n<a href=\"https:\/\/www.gsv.co.at\/wp-content\/uploads\/EINLADUNG GSV Forum Drohnen 2019 06 03.pdf\">Einladung<\/a><br \/>\n<a href=\"https:\/\/www.gsv.co.at\/?page_id=172\">Fotos<\/a><br \/>\n<a href=\"https:\/\/www.gsv.co.at\/wp-content\/uploads\/2019 06 03 Agouridas.pdf\">Folien Agouridas, Airbus<\/a><br \/>\n<a href=\"https:\/\/www.gsv.co.at\/wp-content\/uploads\/2019 06 03 Fortner.pdf\">Folien Fortner, AAI<\/a><br \/>\nFolien G\u00f6ring auf <a href=\"mailto:Swen.Goering@bmvit.gv.at\">Anfrage bei Ing. G\u00f6ring<\/a><br \/>\nMedienberichte unter <a href=\"https:\/\/www.gsv.co.at\/?page_id=1158\">GSV in den Medien<\/a><br \/>\n<a href=\"https:\/\/www.gsv.co.at\/wp-content\/uploads\/Bericht GSV Forum Drohnen_03 06 2019.pdf\">Bericht<\/a><\/li>\n<\/ul>\n<p>&nbsp;<\/p>\n<ul>\n<li><strong>11.4.2019 &#8222;Die intelligente Stra\u00dfe der Zukunft&#8220;<br \/>\n<\/strong><a href=\"https:\/\/www.gsv.co.at\/wp-content\/uploads\/EINLADUNG GSV Forum Smart Street_11.04.2019.pdf\">Einladung<\/a><br \/>\n<a href=\"https:\/\/www.gsv.co.at\/?page_id=172\">Fotos<\/a><br \/>\n<a href=\"https:\/\/www.gsv.co.at\/wp-content\/uploads\/2019 04 12 Meissner und Strobl.pdf\">Folien Meissner, SSGM und Strobl, Stadt Melk<\/a><br \/>\n<a href=\"https:\/\/www.gsv.co.at\/wp-content\/uploads\/Bericht GSV Forum Die intelligente Stra\u00dfe der Zukunft 2019 05 14.pdf\">Bericht<\/a><\/li>\n<\/ul>\n<p>&nbsp;<\/p>\n<ul>\n<li><strong>19.3.2019 \u201cWachsende Airport City \u2013 Herausforderung f\u00fcr die Verkehrsinfrastruktur in der Ostregion\u201d<br \/>\n<\/strong><a href=\"https:\/\/www.gsv.co.at\/wp-content\/uploads\/EINLADUNG%20Airportcity%202019%2003%2019.pdf\">Einladung<\/a><br \/>\n<a href=\"https:\/\/www.gsv.co.at\/?page_id=172\">Fotos<br \/>\n<\/a><a href=\"https:\/\/www.gsv.co.at\/?page_id=1155\">Presseaussendung<\/a><br \/>\n<a href=\"https:\/\/www.gsv.co.at\/wp-content\/uploads\/2019 03 19 Airport City_\u00d6BB Baltram.pdf\">Folien Baltram, \u00d6BB-Infrastruktur<\/a><br \/>\n<a href=\"https:\/\/www.gsv.co.at\/wp-content\/uploads\/2019 03 19 Airport City_Flughafen Ofner.pdf\">Folien Ofner, Flughafen Wien<\/a><br \/>\n<a href=\"https:\/\/www.gsv.co.at\/wp-content\/uploads\/2019 03 19 Airport City_ASFINAG Walcher.pdf\">Folien Walcher, ASFINAG<\/a><br \/>\n<a href=\"https:\/\/www.gsv.co.at\/wp-content\/uploads\/Bericht Airport City_GSV Forum 19 03 2019.pdf\">Bericht<\/a><\/li>\n<\/ul>\n<p>&nbsp;<\/p>\n<ul>\n<li><strong>12.11.2018 &#8222;Ist unsere Stra\u00dfeninfrastruktur fit f\u00fcr zunehmend automatisierten Verkehr?&#8220;<\/strong><br \/>\n<a href=\"https:\/\/www.gsv.co.at\/wp-content\/uploads\/EINLADUNG GSV Forum Stra\u00dfeninfrastruktur Automatisierung 2018 10 23.pdf\">Einladung<\/a><br \/>\n<a href=\"https:\/\/www.gsv.co.at\/?page_id=172\">Fotos<\/a><br \/>\n<a href=\"https:\/\/www.gsv.co.at\/wp-content\/uploads\/2018 11 12 Datler.pdf\">Folien Datler, ASFINAG<\/a><br \/>\n<a href=\"https:\/\/www.gsv.co.at\/wp-content\/uploads\/2018 11 12 Greiner.pdf\">Folien Greiner, Alp.Lab<\/a><br \/>\n<a href=\"https:\/\/www.gsv.co.at\/wp-content\/uploads\/2018 11 12 Nuyttens.pdf\">Folien Nuyttens, ERF und 3M<\/a><br \/>\n<a href=\"https:\/\/www.gsv.co.at\/wp-content\/uploads\/2018 11 12 Russ.pdf\">Folien Russ, AustriaTech<\/a><br \/>\n<a href=\"https:\/\/www.gsv.co.at\/wp-content\/uploads\/Bericht GSV Forum Strasseninfrastruktur Automatisierung 2018 11 21.pdf\">Bericht<\/a><\/li>\n<\/ul>\n<p>&nbsp;<\/p>\n<ul>\n<li><strong>15.10.2018 &#8222;Verkehrsemissionen &#8211; Wirksamkeit von Ma\u00dfnahmen und Empfehlungen&#8220;<\/strong><br \/>\n<a href=\"https:\/\/www.gsv.co.at\/wp-content\/uploads\/EINLADUNG%20GSV%20Forum_Verkehrsemissionen_FINAL.pdf\">Einladung<\/a><br \/>\n<a href=\"https:\/\/www.gsv.co.at\/wp-content\/uploads\/2018 10 15 Verkehrsemissionen Heimgartner.pdf\">Folien Heimgartner, Roland M\u00fcller K\u00fcsnacht<\/a><br \/>\n<a href=\"https:\/\/www.gsv.co.at\/wp-content\/uploads\/2018 10 15 Lichtblau.pdf\">Folien Lichtblau, Umweltbundesamt<\/a><br \/>\nFolien Maier-Gei\u00dfer, Stuttgart auf <a href=\"mailto:karin.fruehwald@gsv.co.at\">Anfrage<\/a><br \/>\n<a href=\"https:\/\/www.gsv.co.at\/?page_id=172\">Fotos<\/a><br \/>\n<a href=\"https:\/\/www.gsv.co.at\/wp-content\/uploads\/Bericht GSV Forum Verkehrsemissionen 2018 10 15.pdf\">Bericht<\/a><\/li>\n<\/ul>\n<p>&nbsp;<\/p>\n<p>&nbsp;<\/p>\n<ul>\n<li><strong>27.9.2018 GSV\/ITS Vienna Region &#8222;Automatisierte Mobilit\u00e4t \u2013 \u00f6ffentliche Hand als Zuseher, Moderator oder Akteur?&#8220;<\/strong><br \/>\n<a href=\"https:\/\/www.gsv.co.at\/wp-content\/uploads\/EINLADUNG AnachB Forum 2018 09 27_Final.pdf\">Einladung<\/a><br \/>\n<a href=\"https:\/\/www.gsv.co.at\/?page_id=172\">Fotos<\/a><br \/>\n<a href=\"https:\/\/www.gsv.co.at\/?page_id=1155\">Presseaussendung<\/a><br \/>\n<a href=\"https:\/\/www.gsv.co.at\/wp-content\/uploads\/Bericht_GSV Automatisierte Mobilitaet 2018 09 27.pdf\">Bericht<\/a><\/li>\n<\/ul>\n<p>&nbsp;<\/p>\n<ul>\n<li><strong>24.5.2018 &#8222;Die lebenswerte Stadt in der Region&#8220;<\/strong><br \/>\n<a href=\"https:\/\/www.gsv.co.at\/wp-content\/uploads\/EINLADUNG GSV Forum 24 5 2018 Die lebenswerte Stadt in der Region.pdf\">Einladung<\/a><br \/>\n<a href=\"https:\/\/www.gsv.co.at\/?page_id=172\">Fotos<\/a><br \/>\n<a href=\"https:\/\/www.gsv.co.at\/wp-content\/uploads\/2018 05 24 Mayr.pdf\">Folien Mayr, ARGE \u00d6VV<\/a><br \/>\n<a href=\"https:\/\/www.gsv.co.at\/wp-content\/uploads\/2018 05 24 Oberbeirsteiner Lageplan.pdf\">Folie Oberbeirsteiner, B\u00fcrgermeister Wattens<\/a><br \/>\n<a href=\"https:\/\/prezi.com\/view\/zWx81mrksb2JztoVYaiI\/\" target=\"_blank\" rel=\"noopener noreferrer\">Folien Perw\u00f6g, MPreis<\/a><br \/>\n<a href=\"https:\/\/www.gsv.co.at\/wp-content\/uploads\/2018 05 24 Phleps.pdf\">Folien Phleps, Tirol Werbung<\/a><br \/>\n<a href=\"https:\/\/www.gsv.co.at\/wp-content\/uploads\/2018 05 24 Schubert.pdf\">Folien Schubert, Leitner<\/a><br \/>\n<a href=\"https:\/\/www.gsv.co.at\/wp-content\/uploads\/Bericht GSV Forum Die lebenswerte Stadt in der Region 2018 07 18.pdf\">Bericht<\/a><\/li>\n<\/ul>\n<p>&nbsp;<\/p>\n<ul>\n<li><strong>25.4.2018 &#8222;Energiewende &#8211; Potentiale alternativer Kraftstoffe&#8220;<\/strong><br \/>\n<a href=\"https:\/\/www.gsv.co.at\/wp-content\/uploads\/EINLADUNG%20GSV%20Forum%2025%204%202018%20SHELL%20Energiewende.pdf\">Einladung<\/a><br \/>\n<a href=\"https:\/\/www.gsv.co.at\/?page_id=172\">Fotos<\/a><br \/>\n<a href=\"https:\/\/www.leadersnet.at\/foto-galerie\/12293,gsv-forum-energiewende-potentiale-alternativer-kraftstoffe.html\" target=\"_blank\" rel=\"noopener noreferrer\">Fotos von Leadersnet<\/a><br \/>\n<a href=\"https:\/\/www.gsv.co.at\/wp-content\/uploads\/2018 04 25 Mueller Belau Shell.pdf\">Folien M\u00fcller-Belau, Shell<\/a><br \/>\n<a href=\"https:\/\/www.gsv.co.at\/wp-content\/uploads\/Bericht GSV Forum Energiewende 2018 04 25.pdf\">Bericht<\/a><\/li>\n<\/ul>\n<p>&nbsp;<\/p>\n<ul>\n<li><strong>11.4.2018 &#8222;Ein Ticket f\u00fcr alle Wege \u2013 Vision oder doch bald Realit\u00e4t?\u201d<br \/>\n<\/strong><a href=\"https:\/\/www.gsv.co.at\/wp-content\/uploads\/EINLADUNG%20GSV%20Forum%2011%204%202018%20Ein%20Ticket%20f%C3%BCr%20alle%20Wege.pdf\">Einladung<\/a><a href=\"https:\/\/www.gsv.co.at\/?page_id=1155\"><br \/>\nPresseaussendung<\/a><br \/>\n<a href=\"https:\/\/www.gsv.co.at\/wp-content\/uploads\/2018 04 11 Dostert.pdf\">Folien Dostert, Verk\u00e9iersverbond<\/a><br \/>\n<a href=\"https:\/\/www.gsv.co.at\/wp-content\/uploads\/2018 04 11 Khalil.pdf\">Folien Khalil, Wiener Linien<\/a><br \/>\n<a href=\"https:\/\/www.gsv.co.at\/wp-content\/uploads\/2018 04 11 Kieslich.pdf\">Folien Kieslich, Berater im Verkehrswesen<\/a><br \/>\n<a href=\"https:\/\/www.gsv.co.at\/wp-content\/uploads\/2018 04 11 Huber.pdf\">Folien Huber, \u00d6BB<\/a><br \/>\n<a href=\"https:\/\/www.gsv.co.at\/wp-content\/uploads\/2018 04 11 Forster.pdf\">Folien Forster, Westbahn<\/a><br \/>\n<a href=\"https:\/\/www.gsv.co.at\/wp-content\/uploads\/Bericht GSV Forum Ein Ticket fur alle Wege 11 4 2018.pdf\">Bericht<\/a><\/li>\n<\/ul>\n<p>&nbsp;<\/p>\n<ul>\n<li><strong>12.3.2018 &#8222;Innovationen und Digitalisierung auf Schiene&#8220;<\/strong><br \/>\n<a href=\"https:\/\/www.gsv.co.at\/wp-content\/uploads\/EINLADUNG%20GSV%20Forum%20Innovationen%20und%20Digitalisierung%20auf%20Schiene%202018%2003%2012.pdf\">Einladung<\/a><br \/>\n<a href=\"https:\/\/www.gsv.co.at\/?page_id=1155\">Presseaussendung<\/a><a href=\"https:\/\/www.gsv.co.at\/wp-content\/uploads\/2018 03 12 Kitanoski.pdf\"><br \/>\nFolien Kitanoski, Virtual Vehicle<\/a><br \/>\n<a href=\"https:\/\/www.gsv.co.at\/wp-content\/uploads\/2018 03 12 Knoll.pdf\">Folien Knoll, FH St. P\u00f6lten<\/a><br \/>\n<a href=\"https:\/\/www.gsv.co.at\/wp-content\/uploads\/2018 03 12 Mazzone.pdf\">Folien Mazzone, Bombardier<\/a><br \/>\n<a href=\"https:\/\/www.gsv.co.at\/wp-content\/uploads\/2018 03 12 Nowotny.pdf\">Folien Nowotny, Kapsch<\/a><br \/>\n<a href=\"https:\/\/www.gsv.co.at\/wp-content\/uploads\/2018 03 12 Puz.pdf\">Folien Puz, SCHIG<\/a><br \/>\n<a href=\"https:\/\/www.gsv.co.at\/wp-content\/uploads\/2018 03 12 Sagmeister.pdf\">Folien Sagmeister, \u00d6BB<\/a><br \/>\n<a href=\"https:\/\/www.gsv.co.at\/wp-content\/uploads\/2018 03 12 Stadlmann.pdf\">Folien Stadlmann, FH Wels<\/a><br \/>\n<a href=\"https:\/\/www.gsv.co.at\/wp-content\/uploads\/2018 03 12 Strohschneider.pdf\">Folien Strohschneider, Europ\u00e4ische Kommission<\/a><br \/>\n<a href=\"https:\/\/www.gsv.co.at\/wp-content\/uploads\/2018 03 12 Zajicek SOZA.pdf\">Folien Zajicek, AIT<\/a><br \/>\n<a href=\"https:\/\/www.gsv.co.at\/wp-content\/uploads\/Bericht GSV Forum 12 3 2018 Innovation auf Schiene.pdf\">Bericht<\/a><\/li>\n<\/ul>\n<p>&nbsp;<\/p>\n<ul>\n<li><strong>29.1.2018 &#8222;Infrastructure Asset Management &#8211; Potentiale erkennen und heben&#8220;<\/strong><br \/>\n<a href=\"https:\/\/www.gsv.co.at\/wp-content\/uploads\/EINLADUNG%20GSV%20Forum%20Asset%20Management%2025%201%202018.pdf\">Einladung<\/a><br \/>\n<a href=\"https:\/\/www.gsv.co.at\/wp-content\/uploads\/2018 01 25 Grohs.pdf\">Folien Grohs, Flughafen Wien<\/a><br \/>\n<a href=\"https:\/\/www.gsv.co.at\/wp-content\/uploads\/2018 01 25 Holzer.pdf\">Folien Holzer, \u00d6BB Infrastruktur<\/a><br \/>\n<a href=\"https:\/\/www.gsv.co.at\/wp-content\/uploads\/2018 01 25 Kienreich.pdf\">Folien Kienreich, ASFINAG<\/a><br \/>\n<a href=\"https:\/\/www.gsv.co.at\/wp-content\/uploads\/2018 01 25 Ossberger.pdf\">Folien Ossberger, Wiener Linien<\/a><br \/>\n<a href=\"https:\/\/www.gsv.co.at\/wp-content\/uploads\/2018 01 25 Pertl.pdf\">Folien Pertl, 3B Infra<\/a><br \/>\n<a href=\"https:\/\/www.gsv.co.at\/wp-content\/uploads\/Bericht zum GSV Forum Asset Management 2018 03 27.pdf\">Bericht<\/a><\/li>\n<\/ul>\n<p>&nbsp;<\/p>\n<ul>\n<li><strong>9.10.2017: \u201cDas neue Vergabeverfahren \u201aInnovationspartnerschaft\u2018 \u2013 Chance f\u00fcr Beschaffer und Lieferant\u201d <\/strong><br \/>\n<a href=\"https:\/\/www.gsv.co.at\/wp-content\/uploads\/EINLADUNG%20GSV%20Forum%20Innovationspartnerschaft%202017%2010%2009.pdf\">Einladung<\/a><br \/>\n<a href=\"https:\/\/www.gsv.co.at\/?page_id=1155\">Presseaussendung<\/a><br \/>\n<a href=\"https:\/\/www.gsv.co.at\/wp-content\/uploads\/2017 10 09 Berghammer.pdf\">Folien Berghammer, <\/a>I\u00d6B-Servicestelle<a href=\"https:\/\/www.gsv.co.at\/wp-content\/uploads\/2017 10 09 Engelshoven.pdf\"><br \/>\nFolien Engelshoven, <\/a>NAH.SH<br \/>\n<a href=\"https:\/\/www.gsv.co.at\/wp-content\/uploads\/2017 10 09 Moick.pdf\">Folien Moick, <\/a>FFG<br \/>\n<a href=\"https:\/\/www.gsv.co.at\/wp-content\/uploads\/2017 10 09 Scheijndel.pdf\">Folien Scheijndel, <\/a>Dutch Ministry of Infrastructure<br \/>\nand Environment<br \/>\n<a href=\"https:\/\/www.gsv.co.at\/wp-content\/uploads\/Bericht Innovationspartnerschaft 2017 10 20.pdf\">Bericht<\/a><\/li>\n<\/ul>\n<p>&nbsp;<\/p>\n<ul>\n<li><strong>6.10.2017: L\u00e4nder\u00fcbergreifendes Symposium Schweiz &#8211; \u00d6sterreich \u201eUrbane Mobilit\u00e4t heute und morgen\u201c<\/strong><br \/>\n<a href=\"https:\/\/www.gsv.co.at\/wp-content\/uploads\/Flyer_AUT_Stand%202017%2009%2029.pdf\">Einladung<\/a><br \/>\n<a href=\"https:\/\/www.gsv.co.at\/wp-content\/uploads\/2017 10 06 Crist.pdf\">Folien Keynote Crist, ITF OECD<\/a><br \/>\n<a href=\"https:\/\/www.gsv.co.at\/wp-content\/uploads\/2017 10 06 Bareiss.pdf\">Folien Bareiss, Verkehrsbetriebe Z\u00fcrich<\/a><br \/>\n<a href=\"https:\/\/www.gsv.co.at\/wp-content\/uploads\/2017 10 06 Kieslinger.pdf\">Folien Kieslinger, Fluidtime<\/a><br \/>\n<a href=\"https:\/\/www.gsv.co.at\/wp-content\/uploads\/2017 10 06 Steinbauer.pdf\">Folien Steinbauer, Wiener Linien<\/a><br \/>\n<a href=\"https:\/\/www.gsv.co.at\/wp-content\/uploads\/2017 10 06 Waldhoer.pdf\">Folien Waldh\u00f6r, Linz Linien<\/a><br \/>\n<a href=\"https:\/\/www.gsv.co.at\/wp-content\/uploads\/2017 10 06 Garstenauer.pdf\">Folien Garstenauer, \u00d6BB<\/a><br \/>\n<a href=\"https:\/\/www.gsv.co.at\/wp-content\/uploads\/2017 10 06 Leithner.pdf\">Folien Leithner, TKL<\/a><br \/>\n<a href=\"https:\/\/www.gsv.co.at\/wp-content\/uploads\/2017 10 06 Marty.pdf\">Folien Marty, Planzer Support<\/a><br \/>\n<a href=\"https:\/\/www.gsv.co.at\/wp-content\/uploads\/2017 10 06 Umundum.pdf\">Folien Umundum, \u00d6sterr. Post<\/a><br \/>\n<a href=\"https:\/\/www.gsv.co.at\/wp-content\/uploads\/Bericht zum L\u00e4nder\u00fcbergreifenden Symposium 2017 10 06.pdf\">Bericht<\/a><\/li>\n<\/ul>\n<p>&nbsp;<\/p>\n<ul>\n<li><strong>21.9.2017 GSV \/ ITS Vienna Region<\/strong> <strong>\u201cMobilit\u00e4tsdienste und -daten im Spannungsfeld zwischen \u00f6ffentlicher und privater Hand\u201c<\/strong><br \/>\n<a href=\"https:\/\/www.gsv.co.at\/wp-content\/uploads\/EINLADUNG AnachB Forum 21 9 2017.pdf\">Einladung<\/a><br \/>\n<a href=\"https:\/\/www.gsv.co.at\/wp-content\/uploads\/2017 09 21 Molin.pdf\">Folien Molin, BMVIT<\/a><br \/>\n<a href=\"https:\/\/www.gsv.co.at\/wp-content\/uploads\/BERICHT AnachB Forum 21 9 2017.pdf\">Bericht<\/a><\/li>\n<\/ul>\n<p>&nbsp;<\/p>\n<ul>\n<li><strong>14.9.2017 &#8222;Ressourceneffizienter Tunnelbau &#8211; Zero Waste\u201c<\/strong><br \/>\n<a href=\"https:\/\/www.gsv.co.at\/wp-content\/uploads\/EINLADUNG GSV Forum 14 9 2017 Ressourceneffizienter Tunnelbau.pdf\">Einladung<\/a><a href=\"https:\/\/www.gsv.co.at\/wp-content\/uploads\/EINLADUNG GSV Forum 14 9 2017 Ressourceneffizienter Tunnelbau.pdf\"><br \/>\n<\/a><a href=\"https:\/\/www.gsv.co.at\/wp-content\/uploads\/2017 09 14 GALLER Sicht der Wissenschaft.pdf\">Folien Galler, Montanuniversit\u00e4t Leoben<\/a><br \/>\n<a href=\"https:\/\/www.gsv.co.at\/wp-content\/uploads\/2017 09 14 RESCH_Ressourceneffizienter Tunnelbau.pdf\">Folien Resch, HABAU<\/a><br \/>\n<a href=\"https:\/\/www.gsv.co.at\/wp-content\/uploads\/2017 09 14 GSV_Vortrag IGT_PoH_TuA_FINAL_Ver\u00f6ffentlichung.pdf\">Folien Posch und Tauer, IGT<\/a><br \/>\n<a href=\"https:\/\/www.gsv.co.at\/wp-content\/uploads\/2017 09 14 GSV Tunnelbau MinroG ML Vortrag kurz.pdf\">Folien Lang, Bergm\u00e4nnischer Verband \u00d6sterreichs<\/a><br \/>\n<a href=\"https:\/\/www.gsv.co.at\/wp-content\/uploads\/2017 09 14 GSV Forum_Ressourceneffizienter Tunnelbau_Textfassung_Vortrag Mlinar.pdf\">Textfassung Mlinar, Bernegger<\/a><br \/>\n<a href=\"https:\/\/www.gsv.co.at\/wp-content\/uploads\/2017 09 14 TPH Tunnelausbruch.pdf\">Folien Tintelnot, TPH Bausysteme<\/a><br \/>\n<a href=\"https:\/\/www.gsv.co.at\/wp-content\/uploads\/2017 09 14 MURR und PACHER.pdf\">Folien Murr, BBT SE und Pacher, Swietelsky<\/a><br \/>\n<a href=\"https:\/\/www.gsv.co.at\/wp-content\/uploads\/2017 09 14 Nipitsch_ressourceneffizienter TB.pdf\">Folien Nipitsch, \u00d6BB Infrastruktur <\/a><br \/>\n<a href=\"https:\/\/www.gsv.co.at\/wp-content\/uploads\/Bericht GSV-Forum 'Zero Waste' im Tunnelbau 14 9 2017.pdf\">Bericht <\/a><\/li>\n<\/ul>\n<p>&nbsp;<\/p>\n<ul>\n<li><strong>18.5.2017 &#8222;Unzumutbare Verfahrensdauern \u2013 Auswege aus dem Stillstand\u201c<\/strong><br \/>\n<a href=\"https:\/\/www.gsv.co.at\/wp-content\/uploads\/EINLADUNG GSV Forum Unzumutbare Verfahrensdauern am 18 5 2017.pdf\">Einladung<\/a><br \/>\n<a href=\"https:\/\/www.gsv.co.at\/?page_id=1155\">Presseaussendung<\/a><br \/>\n<a href=\"https:\/\/www.gsv.co.at\/wp-content\/uploads\/2017 05 19 Schwarzer.pdf\">Folien Schwarzer, WKO<\/a><br \/>\n<a href=\"https:\/\/www.gsv.co.at\/wp-content\/uploads\/Bericht zum GSV Forum UVP 18 5 2017.pdf\">Bericht<\/a><\/li>\n<\/ul>\n<p>&nbsp;<\/p>\n<ul>\n<li><strong>9.5.2017: &#8222;Automatisiertes Fahren: Von der Sicherheit des Fahrzeugs zur Sicherheit der Systeme&#8220;<\/strong><br \/>\n<a href=\"https:\/\/www.gsv.co.at\/wp-content\/uploads\/EINLADUNG GSV Forum Automatisiertes Fahren 9 5 2017.pdf\">Einladung<\/a><br \/>\n<a href=\"https:\/\/www.gsv.co.at\/?page_id=1155\">Presseaussendung<\/a><br \/>\n<a href=\"https:\/\/www.gsv.co.at\/wp-content\/uploads\/2017 05 09 Datler.pdf\">Folien Datler, ASFINAG<\/a><br \/>\n<a href=\"https:\/\/www.gsv.co.at\/wp-content\/uploads\/2017 05 09 Fuchs.pdf\">Folien Fuchs, Virtual Vehicle<\/a><br \/>\n<a href=\"https:\/\/www.gsv.co.at\/wp-content\/uploads\/Bericht GSV Forum 9 5 2017.pdf\">Bericht<\/a><\/li>\n<\/ul>\n<p>&nbsp;<\/p>\n<ul>\n<li><strong>19.01.2017 &#8222;Fuhrparkmanagement mit alternativ betriebenen Kraftfahrzeugen&#8220;<\/strong><br \/>\n<a href=\"https:\/\/www.gsv.co.at\/wp-content\/uploads\/EINLADUNG GSV Forum Fuhrparkmanagement 2017 01 19.pdf\">Einladung<\/a><br \/>\n<a href=\"https:\/\/www.gsv.co.at\/?page_id=1155\">Presseaussendung<br \/>\n<\/a><a href=\"https:\/\/www.gsv.co.at\/wp-content\/uploads\/2017 01 19 Adler.pdf\">Folien Adler, Linde<\/a><br \/>\n<a href=\"https:\/\/www.gsv.co.at\/wp-content\/uploads\/2017 01 19 Berghammer.pdf\">Folien Berghammer, I\u00d6B-Servicestelle<\/a><br \/>\n<a href=\"https:\/\/www.gsv.co.at\/wp-content\/uploads\/2017 01 19 Dorda.pdf\">Folien Dorda, BMVIT<\/a><br \/>\n<a href=\"https:\/\/www.gsv.co.at\/wp-content\/uploads\/2017 01 19 Jonke.pdf\">Folien Jonke, BBG<\/a><br \/>\n<a href=\"https:\/\/www.gsv.co.at\/wp-content\/uploads\/2017 01 19 Roetzer.pdf\">Folien R\u00f6tzer, T\u00dcV AUSTRIA<\/a><br \/>\n<a href=\"https:\/\/www.gsv.co.at\/wp-content\/uploads\/2017 01 19 Wildburger.pdf\">Folien Wildburger, SMATRICS<br \/>\n<\/a><a href=\"https:\/\/www.gsv.co.at\/wp-content\/uploads\/BERICHT GSV Forum Fuhrparkmanagement 2017 03 07.pdf\">Bericht<\/a><\/li>\n<\/ul>\n<ul>\n<li><strong>9.11.2016 &#8222;UVP-Verfahren Neu \u2013 Programmierter Stillstand bei Infrastrukturprojekten?\u201c<br \/>\n<\/strong><a href=\"https:\/\/www.gsv.co.at\/wp-content\/uploads\/EINLADUNG%20GSV%20Forum%20UVP%20am%2009%2011%202016.pdf\">Einladung<\/a><br \/>\n<a href=\"https:\/\/www.gsv.co.at\/?page_id=1155\">Presseaussendung<\/a><br \/>\n<a href=\"https:\/\/www.gsv.co.at\/wp-content\/uploads\/2016 11 09 Harreiter.pdf\">Folien Harreiter, Verbund <\/a><br \/>\n<a href=\"https:\/\/www.gsv.co.at\/wp-content\/uploads\/2016 11 09 K\u00fcschelm.pdf\">Folien K\u00fchschelm, BMVIT<\/a><br \/>\n<a href=\"https:\/\/www.gsv.co.at\/wp-content\/uploads\/2016 11 09 Walcher.pdf\">Folien Walcher, ASFINAG<br \/>\n<\/a><a href=\"https:\/\/www.gsv.co.at\/wp-content\/uploads\/Bericht GSV Forum UVP vom 9 11 2016.pdf\">Bericht<\/a><\/li>\n<\/ul>\n<ul>\n<li><strong>20.10.2016<\/strong> &#8222;<strong>Wie sieht eine \u00f6kologisch und verkehrspolitisch sinnvolle Kfz-Besteuerung aus?<\/strong>&#8220;<br \/>\n<a href=\"https:\/\/www.gsv.co.at\/wp-content\/uploads\/EINLADUNG GSV Forum 20 10 2016 Kfz-Besteuerung.pdf\">Einladung<\/a><br \/>\n<a href=\"https:\/\/www.gsv.co.at\/?page_id=1155\">Presseaussendung<\/a><br \/>\n<a href=\"https:\/\/www.gsv.co.at\/wp-content\/uploads\/2016 10 20 Koeppl.pdf\">Folien K\u00f6ppl, WIFO<br \/>\n<\/a><a href=\"https:\/\/www.gsv.co.at\/wp-content\/uploads\/2016 10 20 Wirl.pdf\">Folien Wirl, Universit\u00e4t Wien<\/a><br \/>\n<a href=\"https:\/\/www.gsv.co.at\/wp-content\/uploads\/BERICHT zum GSV Forum Kfz-Besteuerung am 20 10 2016.pdf\">Bericht<\/a><\/li>\n<\/ul>\n<ul>\n<li><strong>28.6.2016 &#8222;Automatisiertes Fahren \u2013 Vision und Wirklichkeit&#8220;<\/strong><br \/>\n<a href=\"https:\/\/www.gsv.co.at\/wp-content\/uploads\/EINLADUNG GSV Forum Automatisiertes Fahren - Vision und Wirklichkeit 28 6 2016.pdf\">Einladung<\/a><br \/>\n<a href=\"https:\/\/www.gsv.co.at\/?page_id=1155\">Presseaussendung<\/a><a href=\"https:\/\/www.gsv.co.at\/?page_id=172\"><br \/>\n<\/a><a href=\"https:\/\/www.gsv.co.at\/wp-content\/uploads\/2016 06 28 Datler.pdf\">Folien Datler, ASFINAG <\/a><br \/>\n<a href=\"https:\/\/www.gsv.co.at\/wp-content\/uploads\/2016 06 28 K\u00fchschelm.pdf\">Folien K\u00fchschelm, BMVIT<br \/>\n<\/a><a href=\"https:\/\/www.gsv.co.at\/wp-content\/uploads\/2016 06 28 McClary.pdf\">Folien McClary, Continental<\/a><br \/>\n<a href=\"https:\/\/www.gsv.co.at\/wp-content\/uploads\/2016 06 28 Ramme.pdf\">Folien Ramme, Ericsson <\/a><br \/>\n<a href=\"https:\/\/www.gsv.co.at\/wp-content\/uploads\/2016 06 28 Strohbach.pdf\">Folien Strohbach, Audi<\/a><br \/>\n<a href=\"https:\/\/www.audi-mediacenter.com\/de\/audimediatv\/video\/piloted-driving-meilensteine-1256\" target=\"_blank\" rel=\"noopener noreferrer\">Video Strohbach, Audi<br \/>\n<\/a><a href=\"https:\/\/www.gsv.co.at\/wp-content\/uploads\/BERICHT GSV Forum Automatisiertes Fahren vom 28 6 2016.pdf\">Bericht<\/a><\/li>\n<\/ul>\n<ul>\n<li><strong>17.5.2015 &#8222;Auswirkungen der Digitalisierung auf unsere Mobilit\u00e4t&#8220;<\/strong><br \/>\n<a href=\"https:\/\/www.gsv.co.at\/wp-content\/uploads\/EINLADUNG GSV Forum Auswirkungen von Digitalisierung 17 5 2016.pdf\">Einladung<\/a><br \/>\n<a href=\"https:\/\/www.gsv.co.at\/?page_id=1155\">Presseaussendung<\/a><br \/>\n<a href=\"https:\/\/www.gsv.co.at\/wp-content\/uploads\/2016 05 17 Ossberger.pdf\">Folien Ossberger<\/a><br \/>\n<a href=\"https:\/\/www.gsv.co.at\/wp-content\/uploads\/2016 05 17 Russ.pdf\">Folien Russ<\/a><br \/>\n<a href=\"https:\/\/www.gsv.co.at\/wp-content\/uploads\/2016 05 17 Tausz.pdf\">Folien Tausz<\/a><br \/>\n<a href=\"https:\/\/www.gsv.co.at\/wp-content\/uploads\/2016 05 17 FIA Kampagne_ Was die Europ\u00e4er \u00fcber das vernetze Auto denken.pdf\">Folie Schmerold: (FIA) Was die Europ\u00e4er \u00fcber das vernetzte Auto denken<\/a><br \/>\n<a href=\"https:\/\/www.gsv.co.at\/wp-content\/uploads\/Bericht Digitalisierung 2016 06 08.pdf\">Bericht<\/a><\/li>\n<\/ul>\n<ul>\n<li><strong>2.3.2016: &#8222;Fernbusse vs. Bahn &#8211; Erg\u00e4nzung oder Konkurrenz?&#8220;<\/strong><br \/>\n<a href=\"https:\/\/www.gsv.co.at\/wp-content\/uploads\/EINLADUNG%20GSV%20Forum%20Fernbusse%20versus%20Bahn%20-%20Ergaenzung%20oder%20Konkurrenz%20am%201%203%202016.pdf\">Einladung<\/a><br \/>\n<a href=\"https:\/\/www.gsv.co.at\/?page_id=1155\">Presseaussendung<\/a><br \/>\n<a href=\"https:\/\/www.gsv.co.at\/wp-content\/uploads\/BERICHT GSV Forum Fernbusse versus Bahn Ergaenzung oder Konkurrenz vom 1 3 2016.pdf\">Bericht<\/a><\/li>\n<\/ul>\n<ul>\n<li><strong>14.10.2015: &#8222;Perspektive Wasserstoff als Kraftstoff&#8220;<\/strong><br \/>\n<a href=\"https:\/\/www.gsv.co.at\/wp-content\/uploads\/Einladung GSV Forum 14 10 2015 Perspektive Wasserstoff.pdf\">Einladung<\/a><br \/>\n<a href=\"https:\/\/www.gsv.co.at\/?page_id=1155\">Presseaussendung<\/a><br \/>\n<a href=\"https:\/\/www.gsv.co.at\/wp-content\/uploads\/2015 10 14 B\u00f6hme.pdf\">Folien Walter B\u00f6hme, OMV<\/a><br \/>\n<a href=\"https:\/\/www.gsv.co.at\/wp-content\/uploads\/2015 10 14 Dorda.pdf\">Folien Andreas Dorda, BMVIT<\/a><br \/>\n<a href=\"https:\/\/www.gsv.co.at\/wp-content\/uploads\/2015 10 14 Fuchs.pdf\">Folien Andreas Fuchs, Toyota<\/a><br \/>\n<a href=\"https:\/\/www.gsv.co.at\/wp-content\/uploads\/2015 10 14 Kriegler.pdf\">Folien Wolfgang Kriegler, A3PS<\/a><br \/>\n<a href=\"https:\/\/www.gsv.co.at\/wp-content\/uploads\/Bericht GSV Forum Perspektive Wasserstoff.pdf\">Bericht<\/a><\/li>\n<\/ul>\n<ul>\n<li><strong>29.9.2015: &#8222;Volle individuelle Mobilit\u00e4t ohne eigenes Auto?&#8220;<\/strong><br \/>\n<a href=\"https:\/\/www.gsv.co.at\/wp-content\/uploads\/GSV-Forum 29 09 2015 Volle individuelle Mobilit\u00e4t.pdf\">Einladung<\/a><br \/>\n<a href=\"https:\/\/www.gsv.co.at\/?page_id=1155\">Presseaussendung <\/a><br \/>\n<a href=\"https:\/\/www.gsv.co.at\/wp-content\/uploads\/Bericht zum GSV-Forum 'Volle individuelle Mobilit\u00e4t ohne eigenes Auto' 2015 11 04.pdf\">Bericht<\/a><\/li>\n<\/ul>\n<ul>\n<li><strong>16.9.2015: &#8222;Neue Vergabe-Richtlinien f\u00fcr \u00f6ffentliche Beschaffung&#8220;<\/strong><br \/>\n<a href=\"https:\/\/www.gsv.co.at\/wp-content\/uploads\/EINLADUNG ERF GSV Seminar 2015 09 16 final.pdf\">Einladung<\/a><br \/>\n<a href=\"https:\/\/www.gsv.co.at\/?page_id=1155\">Presseaussendung <\/a><br \/>\n<a href=\"https:\/\/www.gsv.co.at\/wp-content\/uploads\/2015-09-16 Baeyens.pdf\">Folien An Baeyens, European Commission<\/a><br \/>\n<a href=\"https:\/\/www.gsv.co.at\/wp-content\/uploads\/2015-09-16 Fruhmann.pdf\">Folien Michael Fruhmann, Bundeskanzleramt<\/a><br \/>\n<a href=\"https:\/\/www.gsv.co.at\/wp-content\/uploads\/2015-09-16 Nicod\u00e8me.pdf\">Folien Christophe Nicod\u00e8me, ERF<\/a><br \/>\n<a href=\"https:\/\/www.gsv.co.at\/wp-content\/uploads\/2015-09-16 Holzer.pdf\">Folien Wolfgang Holzer, Bernard Ingenieure ZT<br \/>\n<\/a><a href=\"https:\/\/www.gsv.co.at\/wp-content\/uploads\/Bericht Public Procurement 2015 11 03.pdf\">Bericht<\/a><\/li>\n<\/ul>\n<ul>\n<li><strong>16.6.2015: &#8222;Wirtschaftsfaktor Luftfahrt &#8211; Erfolg durch Vernetzung&#8220;<\/strong><br \/>\n<a href=\"https:\/\/www.gsv.co.at\/wp-content\/uploads\/GSV Forum EINLADUNG 16 6 2015 Wirtschaftsfaktor Luftfahrt.pdf\">Einladung<\/a><br \/>\n<a href=\"https:\/\/www.gsv.co.at\/?page_id=1155\">Presseaussendung <\/a><br \/>\n<a href=\"https:\/\/www.gsv.co.at\/wp-content\/uploads\/2015-06-16 Reimann.pdf\">Folien Walter Reimann, Austrian Airlines<\/a><br \/>\n<a href=\"https:\/\/www.gsv.co.at\/wp-content\/uploads\/2015-06-16 Schoeberl.pdf\">Folien Arnulf Schoeberl, Lufthansa Cargo<\/a><br \/>\n<a href=\"https:\/\/www.gsv.co.at\/wp-content\/uploads\/2015-06-16 Pernetta.pdf\">Folien Marco Pernetta, Innsbruck Airport<\/a><br \/>\n<a href=\"https:\/\/www.gsv.co.at\/wp-content\/uploads\/2015-06-16 Zipperer.pdf\">Folien Karin Zipperer, Wiener Hafen<\/a><br \/>\n<a href=\"https:\/\/www.gsv.co.at\/wp-content\/uploads\/2015-06-16 Klacska.pdf\">Folien Alexander Klacska, WKO Transport &amp; Verkehr<br \/>\n<\/a><a href=\"https:\/\/www.gsv.co.at\/wp-content\/uploads\/Bericht Wirtschaftsfaktor Luftfahrt 2015 07 08.pdf\">Bericht <\/a><\/li>\n<\/ul>\n<ul>\n<li><strong>27.5.2015: &#8222;Antriebstechnologien und Kraftstoffe \u2013 Innovation und Effizienz f\u00fcr Mobilit\u00e4t von morgen&#8220;<\/strong><br \/>\n<a href=\"https:\/\/www.gsv.co.at\/wp-content\/uploads\/GSV-Forum%2027%205%202015%20EINLADUNG%20Antriebstechnologien%20und%20Kraftstoffe.pdf\">Einladung<\/a><br \/>\n<a href=\"https:\/\/www.gsv.co.at\/?page_id=1155\">Presseaussendung<\/a><br \/>\n<a href=\"https:\/\/www.gsv.co.at\/wp-content\/uploads\/2015_05_27 Hofst\u00e4tter.pdf\">Folien Valentin Hofst\u00e4tter, Raiffeisen Research<\/a><br \/>\n<a href=\"https:\/\/www.gsv.co.at\/wp-content\/uploads\/2015_05_27 Wilbrand.pdf\">Folien Karsten Wilbrand, Shell Global Solution Hamburg<\/a><br \/>\n<a href=\"https:\/\/www.gsv.co.at\/wp-content\/uploads\/2015_05_27 Pilzecker.pdf\">Folien Andreas Pilzecker, Europ\u00e4ische Kommission<\/a><br \/>\n<a href=\"https:\/\/www.gsv.co.at\/wp-content\/uploads\/2015_05_27 Kriegler.pdf\">Folien Wolfgang Kriegler, A3PS<\/a><br \/>\n<a href=\"https:\/\/www.gsv.co.at\/wp-content\/uploads\/Bericht Antriebstechnologien und Kraftstoffe 2015 07 07.pdf\">Bericht<\/a><\/li>\n<\/ul>\n<ul>\n<li><strong>12.5.2015: &#8222;WienMobil-Karte &#8211; Status und Perspektiven&#8220;<\/strong><br \/>\n<a href=\"https:\/\/www.gsv.co.at\/wp-content\/uploads\/EINLADUNG%20GSV-Forum%20WienMobil-Karte%202015%2005%2012.pdf\">Einladung<\/a><a href=\"https:\/\/www.gsv.co.at\/wp-content\/uploads\/EINLADUNG%20GSV-Forum%20WienMobil-Karte%202015%2005%2012.pdf\"><br \/>\n<\/a><a href=\"https:\/\/www.gsv.co.at\/?page_id=1155\">Presseaussendung<\/a><a href=\"https:\/\/www.gsv.co.at\/wp-content\/uploads\/EINLADUNG%20GSV-Forum%20WienMobil-Karte%202015%2005%2012.pdf\"><br \/>\n<\/a><a href=\"https:\/\/www.gsv.co.at\/wp-content\/uploads\/Bericht WienMobil-Karte 2015 06 01.pdf\">Bericht<\/a><\/li>\n<\/ul>\n<ul>\n<li><strong>6.5.2015: &#8222;Wer steuert in Zukunft unsere Fahrzeuge?&#8220;<\/strong><br \/>\n<a href=\"https:\/\/www.gsv.co.at\/wp-content\/uploads\/Einladung GSV Forum 'Wer steuert in Zukunft unsere Fahrzeuge' 6 Mai 2015.pdf\">Einladung<\/a><br \/>\n<a href=\"https:\/\/www.gsv.co.at\/wp-content\/uploads\/2015_05_06_Foersterling.pdf\">Folien Frank F\u00f6rsterling, Continental<\/a><br \/>\n<a href=\"https:\/\/www.gsv.co.at\/wp-content\/uploads\/2015_05_06_Huber.pdf\">Folien Werner Huber, BMW<\/a><br \/>\n<a href=\"https:\/\/www.gsv.co.at\/wp-content\/uploads\/2015-05-06_Datler.pdf\">Folien Bernd Datler, ASFINAG<\/a><br \/>\n<a href=\"https:\/\/www.gsv.co.at\/wp-content\/uploads\/2015-05-06_Russ.pdf\">Folien Martin Russ, AustriaTech<\/a><br \/>\n<a href=\"https:\/\/www.gsv.co.at\/wp-content\/uploads\/2015_05_06_Pucher.pdf\">Folien Ernst Pucher, TU Wien<\/a><br \/>\n<a href=\"https:\/\/www.gsv.co.at\/?page_id=1155\">Presseaussendung<\/a><br \/>\n<a href=\"https:\/\/www.gsv.co.at\/wp-content\/uploads\/Bericht Wer steuert in Zukunft unsere Fahrzeuge 2015 06 29.pdf\">Bericht<\/a><\/li>\n<\/ul>\n<ul>\n<li><strong>22.1.2015:<\/strong> GSV\/FSV\/\u00d6VG<strong> Verkehrssymposium:<\/strong> <strong>Finanzierung und Erhaltung der Verkehrsinfrastruktur in L\u00e4ndern und Gemeinden<\/strong><br \/>\n<a href=\"https:\/\/www.gsv.co.at\/?page_id=172\">Einladung<br \/>\n<\/a><a href=\"https:\/\/www.gsv.co.at\/?page_id=19\">Folien im Mitgliederbereich<\/a><br \/>\n<a href=\"https:\/\/www.gsv.co.at\/?page_id=1155\">Presseaussendung<\/a><br \/>\n<a href=\"https:\/\/www.gsv.co.at\/wp-content\/uploads\/Bericht Verkehrssymposium Finanzierung Verkehrsinfrastruktur 2015 02 18 final.pdf\">Bericht<\/a><\/li>\n<\/ul>\n<ul>\n<li><strong>28.10.2014: &#8222;Die Zukunft kooperativer Verkehrssysteme&#8220;<br \/>\n<\/strong><a href=\"https:\/\/www.gsv.co.at\/wp-content\/uploads\/EINLADUNG%20GSV%20Forum%20%27Zukunft%20kooperativer%20Verkehrsdienstleistungen%27%202014%2010%2028.pdf\">Einladung<\/a><br \/>\n<a href=\"https:\/\/www.gsv.co.at\/wp-content\/uploads\/Pr\u00e4sentation_FS_281014.pdf\">Folien Franz Schwammenh\u00f6fer<\/a><br \/>\n<a href=\"https:\/\/www.gsv.co.at\/wp-content\/uploads\/2014_10_28 eTicket Deutschland, Zeino.pdf\">Folien Nils Zeino-Mahmalat<\/a><br \/>\n<a href=\"https:\/\/www.gsv.co.at\/?page_id=1155\">Presseaussendung <\/a><br \/>\n<a href=\"https:\/\/www.gsv.co.at\/wp-content\/uploads\/Bericht Zukunft kooperativer Verkehrsdienstleistungen.pdf\">Bericht<\/a><\/li>\n<\/ul>\n<ul>\n<li><strong>21.10.2014:<\/strong> <strong>\u201eGalileo \u2013 das europ\u00e4ische Satellitennavigationssystem \u2013 eine neue Qualit\u00e4t f\u00fcr Nutzer im Verkehrsbereich?<\/strong><a href=\"https:\/\/www.gsv.co.at\/wp-content\/uploads\/EINLADUNG GSV Forum Galileo 21 10 2014.pdf\"><br \/>\nEinladung<\/a><br \/>\n<a href=\"https:\/\/www.gsv.co.at\/wp-content\/uploads\/GSV Forum Galileo Kozyra.pdf\">Folien Regina Kozyra<\/a><br \/>\n<a href=\"https:\/\/www.gsv.co.at\/wp-content\/uploads\/GSV Forum Galileo Gaisbauer.pdf\">Folien Christian Gaisbauer<\/a><br \/>\n<a href=\"https:\/\/www.gsv.co.at\/wp-content\/uploads\/GSV Forum Galileo Berglez.pdf\">Folien Philipp Berglez<\/a><br \/>\n<a href=\"https:\/\/www.gsv.co.at\/?page_id=1155\">Presseaussendung<\/a><a href=\"https:\/\/www.gsv.co.at\/wp-content\/uploads\/Bericht Galileo.pdf\"><br \/>\nBericht<\/a><\/li>\n<\/ul>\n<ul>\n<li><strong>9.10.2014:<\/strong> <strong>Kommunaler Dialog von GSV und Kommunalkredit &#8222;Erfolgsfaktoren f\u00fcr Regionalbahnen&#8220;<br \/>\n<\/strong><a href=\"https:\/\/www.gsv.co.at\/wp-content\/uploads\/Einladung%20Regionalbahnen.pdf\">Einladung<strong><br \/>\n<\/strong><\/a><a href=\"https:\/\/www.gsv.co.at\/wp-content\/uploads\/Regionalbahnen_Erfolgsfaktoren_GSV_Frey.pdf\">Folien Harald Frey<\/a><br \/>\n<a href=\"https:\/\/www.gsv.co.at\/?page_id=1155\">Presseaussendung<\/a><br \/>\n<a href=\"https:\/\/www.gsv.co.at\/wp-content\/uploads\/Bericht Regionalbahnen.pdf\">Bericht<\/a><\/li>\n<\/ul>\n<ul>\n<li><strong>24.06.2014: &#8222;Unfallursache Nr. 1 Ablenkung \u2013 was tun?\u201c<\/strong><br \/>\n<a href=\"https:\/\/www.gsv.co.at\/wp-content\/uploads\/EINLADUNG%20GSV%20Forum%20Unfallursache%20Nr%201%20Ablenkung%2024%206%202014.pdf\">Einladung<\/a><br \/>\n<a href=\"https:\/\/www.gsv.co.at\/wp-content\/uploads\/20140624_GSV_Ablenkung_final_pdf.pdf\">Folien Thomas Stottan, AUDIO MOBIL (\u00a9 AUDIO MOBIL 2014)<\/a><br \/>\n<a href=\"http:\/\/www.daserste.de\/information\/ratgeber-service\/auto-reise-verkehr\/sendung\/swr\/rav-140525-multimedia-100.html\" target=\"_blank\" rel=\"noopener noreferrer\">Video<\/a><br \/>\n<a href=\"https:\/\/www.gsv.co.at\/?page_id=1155\">Presseaussendung<\/a><br \/>\n<a href=\"https:\/\/www.gsv.co.at\/wp-content\/uploads\/Bericht GSV-Forum Ablenkung.pdf\">Bericht<\/a><\/li>\n<\/ul>\n<ul>\n<li><strong>15.05.2014: &#8222;E-Call &#8211; europ\u00e4ischer Notruf &#8211; bitte warten?&#8220;<\/strong><br \/>\n<a href=\"https:\/\/www.gsv.co.at\/wp-content\/uploads\/eCall%2015%205%202014%20EINLADUNG.pdf\">Einladung<\/a><br \/>\n<a href=\"https:\/\/www.gsv.co.at\/wp-content\/uploads\/14-05-15-eCall GSV MOLIN.pdf\">Folien Helge Molin, BMVIT<\/a><br \/>\n<a href=\"https:\/\/www.gsv.co.at\/wp-content\/uploads\/eCall europ\u00e4ischer Notruf GRZEBELLUS.pdf\">Folien Martin Grzebellus, NavCert<\/a><br \/>\n<a href=\"https:\/\/www.gsv.co.at\/?page_id=51\">Presseaussendung<\/a><br \/>\n<a href=\"https:\/\/www.gsv.co.at\/wp-content\/uploads\/Bericht GSV-Forum eCall 2014 06 02.pdf\">Bericht<\/a><\/li>\n<\/ul>\n<ul>\n<li><strong>18.02.2014:<\/strong> <strong>Kommunaler Dialog von GSV und Kommunalkredit &#8222;Mikro-\u00d6V Systeme im l\u00e4ndlichen Raum&#8220;<\/strong><br \/>\n<a href=\"https:\/\/www.gsv.co.at\/wp-content\/uploads\/Kommunaler%20Dialog_v2.pdf\">Einladung<\/a><br \/>\n<a href=\"https:\/\/www.gsv.co.at\/?page_id=51\">Presseaussendung<\/a><br \/>\n<a href=\"https:\/\/www.gsv.co.at\/wp-content\/uploads\/Bericht Mikro OEV final.pdf\">Bericht<\/a><\/li>\n<\/ul>\n<ul>\n<li><strong>16.10.2013: &#8222;Mobilit\u00e4t in 20 Jahren &#8211; was treibt uns an?&#8220;<br \/>\n<\/strong><a href=\"https:\/\/www.gsv.co.at\/wp-content\/uploads\/EINLADUNG GSV-Forum 16 10 2013 Mobilit\u00e4t in 20 Jahren.pdf\">Einladung<\/a><strong><br \/>\n<\/strong><a href=\"https:\/\/www.gsv.co.at\/?page_id=51\">Presseaussendung<\/a><br \/>\n<a href=\"https:\/\/www.gsv.co.at\/wp-content\/uploads\/Bericht Mobilitaet in 20 Jahren final.pdf\">Bericht<\/a><\/li>\n<\/ul>\n<ul>\n<li><strong>09.10.2013: &#8222;City Mobility &#8211; das Rad ist schon erfunden&#8220;<\/strong> (in Kooperation mit Siemens)<br \/>\n<a href=\"https:\/\/www.gsv.co.at\/wp-content\/uploads\/GSV Forum EINLADUNG 9 10 2013 City Mobility das Rad ist schon erfunden.pdf\">Einladung<\/a><br \/>\n<a href=\"https:\/\/www.gsv.co.at\/wp-content\/uploads\/Bericht zum GSV-Forum City Mobility_final.pdf\">Bericht<\/a><br \/>\n<a href=\"https:\/\/www.gsv.co.at\/wp-content\/uploads\/1_Aicher_Stream_Wien_09 2013V1.pdf\">Pr\u00e4sentationsfolien Aicher<\/a><br \/>\n<a href=\"https:\/\/www.gsv.co.at\/wp-content\/uploads\/2_Kraschl-Hirschmann_GSV20131009.pdf\">Pr\u00e4sentationsfolien Kraschl-Hirschmann<\/a><br \/>\n<a href=\"https:\/\/www.gsv.co.at\/wp-content\/uploads\/3_Racz_Intelligent Traffic Management20131009.pdf\">Pr\u00e4sentationsfolien Racz<\/a><br \/>\n<a href=\"https:\/\/www.gsv.co.at\/wp-content\/uploads\/4_gsv-staudinger-20131009.pdf\">Pr\u00e4sentationsfolien Staudinger<\/a><br \/>\n<a href=\"https:\/\/www.gsv.co.at\/wp-content\/uploads\/5_Sihn_GSV_Forum_20131009.pdf\">Pr\u00e4sentationsfolien Sihn<\/a><\/li>\n<\/ul>\n<ul>\n<li><strong>01.10.2013: Kommunaler Dialog von GSV und Kommunalkredit &#8222;Kommunale Verkehrsl\u00f6sungen im regionalen Verbund&#8220;<\/strong><br \/>\n<a href=\"https:\/\/www.gsv.co.at\/wp-content\/uploads\/KomDialog2013%281%29_Einladung.pdf\">Einladung<\/a><br \/>\n<a href=\"https:\/\/www.gsv.co.at\/wp-content\/uploads\/Bericht zum Kommunalen Dialog in Kooperation mit GSV.pdf\">Bericht<\/a><br \/>\n<a href=\"https:\/\/www.gsv.co.at\/?page_id=51\">Presseaussendung<\/a><br \/>\n<a href=\"https:\/\/www.gsv.co.at\/wp-content\/uploads\/GSV Kommunalkredit Kommunaler Dialog Friedreich.pdf\">Pr\u00e4sentation<\/a><br \/>\n<a href=\"http:\/\/www.youtube.com\/watch?feature=player_embedded&amp;v=4ffRTtWEEdA\" target=\"_blank\" rel=\"noopener noreferrer\">Video<\/a><\/li>\n<\/ul>\n<ul>\n<li><strong>25.06.2013: GSV Forum &#8222;Trimodaler Verkehr &#8211; quo vadis?&#8220;<\/strong> (in Kooperation mit WK\u00d6)<br \/>\n<a href=\"https:\/\/www.gsv.co.at\/?page_id=51\">Presseaussendung<\/a><br \/>\n<a href=\"https:\/\/www.gsv.co.at\/wp-content\/uploads\/Bericht zum GSV Forum Trimodaler Verkehr.pdf\">Bericht<\/a><br \/>\n<a href=\"https:\/\/www.gsv.co.at\/wp-content\/uploads\/EINLADUNG GSV-Forum Trimodaler Verkehr - quo vadis.pdf\">Einladung<\/a><\/li>\n<\/ul>\n<ul>\n<li><strong>07.05.2013: GSV-Expertengespr\u00e4ch: &#8222;Feinstaub durch Verkehr &#8211; Bestandsaufnahme und Ausblick&#8220;<\/strong><br \/>\n<a href=\"https:\/\/www.gsv.co.at\/?page_id=51\">Presseaussendung<\/a><br \/>\n<a href=\"https:\/\/www.gsv.co.at\/wp-content\/uploads\/Bericht zum GSV Expertengespr\u00e4ch Feinstaub.pdf\">Bericht<\/a><br \/>\n<a href=\"https:\/\/www.gsv.co.at\/wp-content\/uploads\/EINLADUNG%20GSV%20Expertengespr%C3%A4ch%20Feinstaub.pdf\">Einladung<\/a><\/li>\n<\/ul>\n<ul>\n<li><strong>29.01.2013:<\/strong> <strong>GSV-Forum: &#8222;Wieviel L\u00e4rmschutz braucht das Land?&#8220;<br \/>\n<\/strong><a href=\"https:\/\/www.gsv.co.at\/?page_id=51\">Presseaussendung<\/a><br \/>\n<a href=\"https:\/\/www.gsv.co.at\/wp-content\/uploads\/Bericht zum GSV Forum L\u00e4rmschutz.pdf\">Bericht<\/a><br \/>\n<a href=\"https:\/\/www.gsv.co.at\/wp-content\/uploads\/EINLADUNG%20mit%20BRIEFKOPF%20GSV%20Forum%20L%C3%A4rmschutz%2029%201%202013.pdf\">Einladung<\/a><\/li>\n<\/ul>\n<ul>\n<li><strong>15.01.2013:<\/strong> <strong>Podiumsdiskussion &#8222;Stra\u00dfe und Schiene &#8211; besser vernetzt?&#8220;<\/strong> (in Kooperation mit \u00d6VG)<br \/>\n<a href=\"https:\/\/www.gsv.co.at\/wp-content\/uploads\/\u00d6V-IV Einladung.pdf\" target=\"_blank\" rel=\"noopener noreferrer\">Einladung<\/a><br \/>\n<a href=\"https:\/\/www.gsv.co.at\/wp-content\/uploads\/\u00d6V IV Bericht.pdf\" target=\"_blank\" rel=\"noopener noreferrer\">Bericht<\/a><\/li>\n<\/ul>\n<ul>\n<li><strong>02.10.2012: GSV-Forum &#8222;Public Private Partnership &#8211; Erfolgsmodell oder Finanzierungskr\u00fccke f\u00fcr klamme Budgets?&#8220;<\/strong><br \/>\n<a href=\"https:\/\/www.gsv.co.at\/?page_id=51\">Presseaussendung<\/a><br \/>\n<a href=\"https:\/\/www.gsv.co.at\/wp-content\/uploads\/Bericht zum GSV-Forum PPP.pdf\">Bericht<\/a><br \/>\n<a href=\"https:\/\/www.gsv.co.at\/wp-content\/uploads\/Einladung GSV-Forum PPP 2012 10 02.pdf\">Einladung<\/a><\/li>\n<\/ul>\n<ul>\n<li><strong>27.09.2012: GSV-Forum &#8222;Parken in Ballungszentren &#8211; Wohin mit den Pendlern?&#8220;<\/strong><br \/>\n<a href=\"https:\/\/www.gsv.co.at\/?page_id=51\">Presseaussendung<\/a><br \/>\n<a href=\"https:\/\/www.gsv.co.at\/wp-content\/uploads\/Bericht zum GSV Forum Parken.pdf\">Bericht<\/a><a href=\"https:\/\/www.gsv.co.at\/wp-content\/uploads\/Pendlerverkehr Wien.pdf\"><br \/>\nAuslastungszahlen der Wiener P&amp;R Anlagen<br \/>\n<\/a><a href=\"https:\/\/www.gsv.co.at\/wp-content\/uploads\/EINLADUNG mit BRIEFKOPF GSV Forum Parken in Ballungszentren 27 9 2012F.pdf\">Einladung<\/a><\/li>\n<\/ul>\n<ul>\n<li><strong>20.06.2012: GSV-Forum: &#8222;Gigaliner&#8220;<\/strong><br \/>\n<a href=\"https:\/\/www.gsv.co.at\/?page_id=51\">Presseaussendung<\/a><br \/>\n<a href=\"https:\/\/www.gsv.co.at\/wp-content\/uploads\/GSV Forum Gigaliner Bericht.pdf\">Bericht<\/a><br \/>\n<a href=\"https:\/\/www.gsv.co.at\/wp-content\/uploads\/GSV-Forum 20 6 2012 Gigaliner Einladung.pdf\">Einladung<\/a><\/li>\n<\/ul>\n<ul>\n<li><strong>23.05.2012 :<\/strong> <strong>GSV-Forum: \u201cKorrosionssch\u00e4den an Fahrzeugen durch aggressive Streumittel \u2013 gibt es Alternativen?\u201d<\/strong><br \/>\n<a href=\"https:\/\/www.gsv.co.at\/?page_id=51\">Presseaussendung<\/a><br \/>\n<a href=\"https:\/\/www.gsv.co.at\/wp-content\/uploads\/GSV Forum Korrosionsschaeden Bericht.pdf\">Bericht<\/a><br \/>\n<a href=\"https:\/\/www.gsv.co.at\/wp-content\/uploads\/Einladung zum GSV-Forum - Korrosionsschaeden an Fahrzeugen.pdf\">Einladung <\/a><\/li>\n<\/ul>\n<ul>\n<li><strong>10.05.2012<\/strong>: <strong>GSV-Forum: \u201cZu wenig Geld f\u00fcr Landesstra\u00dfen: Sparen am falschen Platz?\u201d<a href=\"http:\/\/www.ots.at\/presseaussendung\/OTS_20120511_OTS0140\/droht-der-verfall-unserer-landes-und-gemeindestrassen-gsv-sieht-dringenden-handlungsbedarf\" target=\"_blank\" rel=\"noopener noreferrer\"><br \/>\n<\/a><\/strong><a href=\"http:\/\/www.ots.at\/presseaussendung\/OTS_20120511_OTS0140\/droht-der-verfall-unserer-landes-und-gemeindestrassen-gsv-sieht-dringenden-handlungsbedarf\" target=\"_blank\" rel=\"noopener noreferrer\">Presseaussendung<\/a><br \/>\n<a href=\"https:\/\/www.gsv.co.at\/wp-content\/uploads\/GSV Forum Landesstra\u00dfen Bericht.pdf\" target=\"_blank\" rel=\"noopener noreferrer\">Bericht<\/a><br \/>\n<a href=\"https:\/\/www.gsv.co.at\/wp-content\/uploads\/Einladung zum GSV-Forum - Zu wenig Geld fu\u0308r Landesstrassen.pdf\" target=\"_blank\" rel=\"noopener noreferrer\">Einladung<\/a><\/li>\n<\/ul>\n<p>&nbsp;<\/p>\n","protected":false},"excerpt":{"rendered":"<p>In diesem Bereich finden Sie Unterlagen zu vergangenen GSV Veranstaltungen: 18.2.2026 &#8222;Die Zukunft gro\u00dfer Infrastrukturprojekte \u2013 Bewegung oder Stillstand?&#8220; Fotos Einladung &nbsp; 10.9.2025 &#8222;Dekarbonisierung in der Mobilit\u00e4t \u2013 was ist realistisch?&#8220; Fotos Presseaussendung Einladung &nbsp; 4.6.2025 Transport Logistic M\u00fcnchen &#8222;Gemeinsam stark&#8220; Fotos Bericht &nbsp; 27.5.2025 &#8222;KI in der Mobilit\u00e4t \u2013 Perspektiven | Umsetzung | Grenzen&#8220; [&hellip;]<\/p>\n","protected":false},"author":1,"featured_media":0,"parent":403,"menu_order":0,"comment_status":"closed","ping_status":"open","template":"","meta":{"_monsterinsights_skip_tracking":false,"_monsterinsights_sitenote_active":false,"_monsterinsights_sitenote_note":"","_monsterinsights_sitenote_category":0,"ngg_post_thumbnail":0,"footnotes":""},"class_list":["post-466","page","type-page","status-publish","hentry"],"_links":{"self":[{"href":"https:\/\/www.gsv.co.at\/index.php?rest_route=\/wp\/v2\/pages\/466","targetHints":{"allow":["GET"]}}],"collection":[{"href":"https:\/\/www.gsv.co.at\/index.php?rest_route=\/wp\/v2\/pages"}],"about":[{"href":"https:\/\/www.gsv.co.at\/index.php?rest_route=\/wp\/v2\/types\/page"}],"author":[{"embeddable":true,"href":"https:\/\/www.gsv.co.at\/index.php?rest_route=\/wp\/v2\/users\/1"}],"replies":[{"embeddable":true,"href":"https:\/\/www.gsv.co.at\/index.php?rest_route=%2Fwp%2Fv2%2Fcomments&post=466"}],"version-history":[{"count":495,"href":"https:\/\/www.gsv.co.at\/index.php?rest_route=\/wp\/v2\/pages\/466\/revisions"}],"predecessor-version":[{"id":6393,"href":"https:\/\/www.gsv.co.at\/index.php?rest_route=\/wp\/v2\/pages\/466\/revisions\/6393"}],"up":[{"embeddable":true,"href":"https:\/\/www.gsv.co.at\/index.php?rest_route=\/wp\/v2\/pages\/403"}],"wp:attachment":[{"href":"https:\/\/www.gsv.co.at\/index.php?rest_route=%2Fwp%2Fv2%2Fmedia&parent=466"}],"curies":[{"name":"wp","href":"https:\/\/api.w.org\/{rel}","templated":true}]}}