{"id":1158,"date":"2014-06-06T09:58:43","date_gmt":"2014-06-06T07:58:43","guid":{"rendered":"http:\/\/www.gsv.co.at\/?page_id=1158"},"modified":"2025-06-18T14:58:09","modified_gmt":"2025-06-18T12:58:09","slug":"gsv-in-den-medien","status":"publish","type":"page","link":"https:\/\/www.gsv.co.at\/?page_id=1158","title":{"rendered":"GSV in den Medien"},"content":{"rendered":"<p>Hier finden Sie eine Auswahl von Artikeln \u00fcber GSV-Aktivit\u00e4ten aus den Jahren 2014 &#8211; 2025:<\/p>\n<p><strong>2025<\/strong><\/p>\n<p>30. Mai 2025, <a href=\"https:\/\/www.gsv.co.at\/wp-content\/uploads\/Verkehr 30 05 2025.pdf\">Verkehr: China&#8217;s BRI &#8211; Between Global Strategy and European Hesitation<\/a><\/p>\n<p><strong>2024<\/strong><\/p>\n<p>12. April 2024, Verkehr: <a href=\"https:\/\/www.gsv.co.at\/wp-content\/uploads\/Verkehr 2024 04 12 GSV Forum Energiewende.pdf\">GSV-Forum Energiewende<\/a><\/p>\n<p>Firmenwagen 1 2024: <a href=\"https:\/\/www.gsv.co.at\/wp-content\/uploads\/Firmenwagen 1 2024.pdf\">GSV mit neuer Vizepr\u00e4sidentin<\/a><\/p>\n<p><strong>2023<\/strong><\/p>\n<p>Ende 2023, Firmenwagen: <a href=\"https:\/\/www.gsv.co.at\/wp-content\/uploads\/Firmenwagen 6 2023.pdf\">GSV mit Adventpunsch<\/a><\/p>\n<p>20. April 2023, TRAKTUELL: <a href=\"https:\/\/traktuell.at\/events\/fruehlingsbowle-bei-der-gesellschaft-fuer-strassen-und-verkehrswesen\/\" target=\"_blank\" rel=\"noopener\">Fr\u00fchlingsbowle bei der Gesellschaft f\u00fcr Stra\u00dfen- und Verkehrswesen<\/a><\/p>\n<p>18. J\u00e4nner 2023, KOMMUNAL: <a href=\"https:\/\/kommunal.at\/ohne-strassen-wird-es-nicht-gehen\" target=\"_blank\" rel=\"noopener\">Ohne Stra\u00dfen wird es nicht gehen<\/a><\/p>\n<p><strong>2022<\/strong><\/p>\n<p>17. Dezember 2022, public: <a href=\"http:\/\/www.gemeindemagazin.at\/magazin_detail.php?ID=1238\" target=\"_blank\" rel=\"noopener\">Stra\u00dfenerhalt und -ausbau sichert Arbeitspl\u00e4tze<\/a><\/p>\n<p>18. November 2022, Verkehr: <a href=\"https:\/\/www.gsv.co.at\/wp-content\/uploads\/Verkehr 11 2022.pdf\">GSV-Forum: Backbone Stra\u00dfe &#8211; Gegenwart und Zukunft<\/a><\/p>\n<p>6. Oktober 2022, Krone O\u00d6, <a href=\"https:\/\/www.gsv.co.at\/wp-content\/uploads\/2022 10 06 Krone Ober\u00f6sterreich Linz Seite 19.pdf\" target=\"_blank\" rel=\"noopener\">Studie bescheinigt Wert von Stra\u00dfen als untersch\u00e4tzter Wirtschaftsfaktor<\/a><\/p>\n<p>6. Oktober 2022, \u00d6sterreichische Verkehrzeitung: <a href=\"https:\/\/www.gsv.co.at\/wp-content\/uploads\/OEVZ 2022 10 06 Seite 7.pdf\" target=\"_blank\" rel=\"noopener\">\u00d6sterreichs Stra\u00dfen und Br\u00fccken brauchen jedes Jahr 800 Mio. Euro<\/a><\/p>\n<p>5. Oktober 2022, Firmenwagen: <a href=\"https:\/\/firmenwagen.co.at\/news\/gsv-fordert-investitionen-in-die-strasseninfrastruktur\/\" target=\"_blank\" rel=\"noopener\">GSV fordert Investitionen in die Stra\u00dfeninfrastruktur<\/a><\/p>\n<p>21. Juni 2022, Deutsche Verkehrs-Zeitung: <a href=\"https:\/\/www.dvz.de\/rubriken\/land\/kombinierter-verkehr\/detail\/news\/ein-plaedoyer-fuer-mehr-kombi-verkehr.html\" target=\"_blank\" rel=\"noopener\">Ein Pl\u00e4doyer f\u00fcr mehr Kombi-Verkehr<\/a><\/p>\n<p>7. Februar 2022, Firmenwagen: <a href=\"https:\/\/firmenwagen.co.at\/news\/mit-intelligentem-verkehrsmanagement-die-klimaziele-erreichen\/\" target=\"_blank\" rel=\"noopener\">Mit intelligenten Verkehrsmanagement die Klimaziele erreichen<\/a><br \/>\n4. Februar 2022, Verkehr: <a href=\"https:\/\/www.verkehr.co.at\/singleview\/article\/an-der-digitalisierung-fuehrt-kein-weg-vorbei\" target=\"_blank\" rel=\"noopener\">An der Digitalisierung f\u00fchrt kein Weg vorbei<\/a><br \/>\n3. Februar 2022, AUTO &amp; Wirtschaft: <a href=\"https:\/\/autoundwirtschaft.at\/print\/37811-es-geht-auch-ohne-fahrverbote\" target=\"_blank\" rel=\"noopener\">Es geht auch ohne Fahrverbote<\/a><\/p>\n<p><strong>2021<\/strong><\/p>\n<p>1. Quartal 2021, Forum Mobil: <a href=\"https:\/\/www.gsv.co.at\/wp-content\/uploads\/Forum Mobil 01 2021.pdf\">GSV Forum: Der \u00d6ffentliche Verkehr braucht mehr Geld<\/a><\/p>\n<p>&nbsp;<\/p>\n<p><strong>2020:<\/strong><\/p>\n<p>November 2020, \u00d6BUS: <a href=\"https:\/\/www.gsv.co.at\/wp-content\/uploads\/\u00d6BUS 4 2020.pdf\">Was darf der \u00d6ffi kosten?<\/a><\/p>\n<p>30. November 2020, KOMMUNAL: <a href=\"https:\/\/kommunal.at\/der-ticketpreis-allein-ist-nicht-entscheidend\" target=\"_blank\" rel=\"noopener\">Der Ticketpreis allein ist nicht entscheidend<\/a><\/p>\n<p>Oktober 2020, \u00d6VK Nachrichten: <a href=\"https:\/\/www.gsv.co.at\/wp-content\/uploads\/OEVK Oktober 2020.pdf\">Fahrerassistenzsysteme &#8211; Helfer oder l\u00e4stige Beifahrer<\/a><\/p>\n<p>8. Juli 2020, Tiroler Tageszeitung: <a href=\"https:\/\/www.tt.com\/artikel\/30740930\/verkehrsanbieter-koennen-corona-abstandsregeln-nicht-alleine-stemmen\" target=\"_blank\" rel=\"noopener\">Verkehrsanbieter k\u00f6nnen Corona-Abstandsregeln nicht alleine stemmen<\/a><\/p>\n<p>8. Juli 2020, APA: Verkehrsanbieter k\u00f6nnen Corona-Abstandsregeln nicht alleine stemmen<\/p>\n<p>31. J\u00e4nner 2020, AUTO &amp; Wirtschaft: <a href=\"https:\/\/autoundwirtschaft.at\/news\/33234-wie-steht-s-bei-den-assistenzsystemen\" target=\"_blank\" rel=\"noopener\">Wie steht&#8217;s bei den Assistenzsystemen<\/a><\/p>\n<p>&nbsp;<\/p>\n<p><strong>2019<\/strong><\/p>\n<p>5. Juni 2019, Der Standard: <a href=\"https:\/\/derstandard.at\/2000104351175\/Fuehrerschein-fuer-Spielzeugdrohnen-kommt\" target=\"_blank\" rel=\"noopener noreferrer\">&#8222;F\u00fchrerschein f\u00fcr Spielzeugdrohnen kommt&#8220;<\/a><\/p>\n<p>4. Juni 2019, Die Presse: <a href=\"https:\/\/diepresse.com\/home\/panorama\/oesterreich\/5638874\/Was-die-Drohnenverordnung-mit-sich-bringt\" target=\"_blank\" rel=\"noopener noreferrer\">&#8222;Was die Drohenverordnung mit sich bringt&#8220;<\/a><\/p>\n<p>25. M\u00e4rz 2019, Leadersnet: <a href=\"https:\/\/www.leadersnet.at\/news\/36188,der-ostregion-droht-ein-verkehrskollaps.html\" target=\"_blank\" rel=\"noopener noreferrer\">&#8222;Der Ostregion droht ein Verkehrskollaps&#8220;<\/a> und <a href=\"https:\/\/www.leadersnet.at\/foto-galerie\/14441,gsv-forum-wachsende-airport-city-herausforderung-fuer-die.html\" target=\"_blank\" rel=\"noopener noreferrer\">Fotogalerie<\/a><\/p>\n<p>24. M\u00e4rz 2019, meinbezirk.at: <a href=\"https:\/\/www.meinbezirk.at\/bruck-an-der-leitha\/c-lokales\/flughafen-schwechat-will-bahn-wien-airport-bratislava-ausgebaut-sehen_a3280479\" target=\"_blank\" rel=\"noopener noreferrer\">Flughafen Schwechat will Bahn Wien-Airport-Bratislava ausgebaut sehen<\/a><\/p>\n<p>24. M\u00e4rz 2019, BVZ.at: <a href=\"https:\/\/www.bvz.at\/burgenland\/wirtschaft\/infrastruktur-flughafen-schwechat-will-bahn-ausbau-nach-bratislava-schwechat-flughafen-bratislava-oebb-141006037\" target=\"_blank\" rel=\"noopener noreferrer\">Flughafen Schwechat will Bahn-Ausbau nach Bratislava<\/a><\/p>\n<p>22. M\u00e4rz 2019, <a href=\"https:\/\/www.gsv.co.at\/wp-content\/uploads\/Oesterreich 2019 03 22.pdf\">\u00d6sterreich: 3. Piste erzwingt den Ausbau von Bahn und Stra\u00dfe<\/a><\/p>\n<p>21. M\u00e4rz 2019, Initiative Logistik Austria: <a href=\"https:\/\/logistik-initiative-austria.at\/gsv-forum-der-ostregion-droht-verkehrskollaps\/\" target=\"_blank\" rel=\"noopener noreferrer\">GSV Forum: Der Ostregion droht Verkehrskollaps<\/a><\/p>\n<p>&nbsp;<\/p>\n<p><strong>2018<\/strong><\/p>\n<p>Juni 2018, Firmenwagen: <a href=\"https:\/\/www.gsv.co.at\/wp-content\/uploads\/Firmenwagen Energiewende 3 2018.pdf\">GSV Forum zur Dekarbonisierung<\/a><\/p>\n<p>Juni 2018, AUTOSERVICE: <a href=\"https:\/\/www.gsv.co.at\/wp-content\/uploads\/AUTOSERVICE Fruehlingsbowle 3 2018.pdf\">Zur Fr\u00fchlingsbowle bei der GSV<\/a><\/p>\n<p>4. Mai 2018, Verkehr: <a href=\"https:\/\/www.gsv.co.at\/wp-content\/uploads\/Verkehr Energiewende.pdf\">Planbare Ziele f\u00fcr die Mobilit\u00e4t<\/a><\/p>\n<p>Mai 2018, TRAKTUELL: <a href=\"https:\/\/www.gsv.co.at\/wp-content\/uploads\/Traktuell Fr\u00fchlingsbowle 2018.pdf\">Zur Fr\u00fchlingsbowle bei der GSV<\/a><\/p>\n<p>29. April 2018, Leadersnet: <a href=\"https:\/\/www.leadersnet.at\/news\/31141,gsv-forum-zur-dekarbonisierung-der-vielfalt-gehoert-die-zukunft.html\" target=\"_blank\" rel=\"noopener noreferrer\">GSV Forum zur Dekarbonisierung: Der Vielfalt geh\u00f6rt die Zukunft<\/a><\/p>\n<p>26. April 2018, Autoservice: <a href=\"https:\/\/autoservice.co.at\/a\/am-ende-entscheidet-der-kunde\" target=\"_blank\" rel=\"noopener noreferrer\">&#8222;Am Ende entscheidet der Kunde&#8220;<\/a><\/p>\n<p>13. April 2018, Verkehr: <a href=\"https:\/\/www.gsv.co.at\/wp-content\/uploads\/Verkehr Kommentar Rohracher.pdf\">W\u00fcnsche an die Politik<\/a><\/p>\n<p>30. M\u00e4rz 2018, Bauzeitung: <a href=\"https:\/\/www.gsv.co.at\/wp-content\/uploads\/Bauzeitung Zukunft der Bahn.pdf\">Zukunft der Bahn<\/a><\/p>\n<p>30. M\u00e4rz 2018, Medianet: <a href=\"https:\/\/www.gsv.co.at\/wp-content\/uploads\/Medianet 30 03 2018.pdf\">Digital auf Schiene<\/a><\/p>\n<p>22. M\u00e4rz 2018, KURIER: <a href=\"https:\/\/www.gsv.co.at\/wp-content\/uploads\/Innovation auf Schiene MOTOR KURIER.pdf\">Fluch und Segen<\/a><\/p>\n<p>16. M\u00e4rz 2018, Verkehr: <a href=\"https:\/\/www.gsv.co.at\/wp-content\/uploads\/Verkehr_11_2018_Innovationen auf Schiene.pdf\">Die Z\u00fcge rollen auf die autoBAHN<\/a><\/p>\n<p>2. Februar 2018, Verkehr: <a href=\"https:\/\/www.gsv.co.at\/wp-content\/uploads\/Asset Management Verkehr.pdf\">Potenziale erkennen und heben<\/a><\/p>\n<p>2. Februar 2018, \u00d6st. Bauzeitung: <a href=\"https:\/\/www.gsv.co.at\/wp-content\/uploads\/ZERO WASTE BAUZEITUNG.pdf\">Zero Waste beim Tunnelbau<\/a><\/p>\n<p><strong>2017<\/strong><\/p>\n<p>3. November 2017, Verkehr: <a href=\"https:\/\/www.gsv.co.at\/wp-content\/uploads\/Verkehr Laenderuebergreifendes Symposium.pdf\">Urbane Mobilit\u00e4t heute und morgen<\/a><\/p>\n<p>Juni 2017, firmenwagen: <a href=\"https:\/\/www.gsv.co.at\/wp-content\/uploads\/Automatisiertes Fahren Firmenwagen 3 2017.pdf\">Autonomes Fahren kommt, \u00d6sterreich ist vorne dabei<\/a><\/p>\n<p>Juni 2017, a3 DAS BAUMAGAZIN, <a href=\"https:\/\/www.gsv.co.at\/wp-content\/uploads\/UVP a3 DAS BAUMAGAZIN 6 2017.pdf\">UVP-Verfahren: &#8222;Verhindern statt erm\u00f6glichen&#8220;<\/a><\/p>\n<p>14. Juni 2017, Beilage Standard \/ Mediaplanet: <a href=\"https:\/\/www.gsv.co.at\/wp-content\/uploads\/Kommentar Beilage Standard Mediaplanet Logistik 06 2017.pdf\">Kommentar: Zukunft der Transportwirtschaft: Intelligent vernetzt<\/a><\/p>\n<p>9. Juni 2017, Verkehr:<a href=\"https:\/\/www.gsv.co.at\/wp-content\/uploads\/UVP Verkehr 2017 06 09.pdf\"> Unzumutbare Verfahrensdauer<\/a><\/p>\n<p>24. Mai 2017, LOGISTIK KURIER: <a href=\"https:\/\/www.gsv.co.at\/wp-content\/uploads\/Logistik KURIER 2017 05 24.pdf\">Verfahrensdauern nicht mehr hinnehmbar<\/a><\/p>\n<p>10. Mai 2017, Trend:<a href=\"https:\/\/www.trend.at\/branchen\/auto-mobilitaet\/autonomes-fahren-bei-tempo-8127594\" target=\"_blank\" rel=\"noopener noreferrer\"> Autonomes Fahren: &#8222;Bei h\u00f6herem Tempo kann es t\u00f6dlich enden&#8220;<\/a><\/p>\n<p>22. M\u00e4rz 2017, Blickpunkt LKW &amp; BUS: <a href=\"https:\/\/www.gsv.co.at\/wp-content\/uploads\/Blickpunkt LKW &amp; BUS 3 2017.pdf\">Schikan\u00f6se Verfahren<\/a><\/p>\n<p>8. M\u00e4rz 2017, LOGISTIK KURIER: <a href=\"https:\/\/www.gsv.co.at\/wp-content\/uploads\/Logistik KURIER 03 2017.pdf\">Infrastrukturprojekte kaum noch umsetzbar<\/a><\/p>\n<p>23. Februar 2017, firmenwagen: <a href=\"https:\/\/www.gsv.co.at\/wp-content\/uploads\/Fuhrparkmanagement Firmenwagen.pdf\">Sind alternative Energien im Fuhrpark eine sinnvolle Alternative? <\/a><\/p>\n<p>Februar 2017, Flotte &amp; Wirtschaft: <a href=\"https:\/\/www.gsv.co.at\/wp-content\/uploads\/Fuhrparkmanagement FLOTTE Wirtschaft 2017 02 - 03.pdf\">Alternative Antriebe m\u00fcssen sich rechnen<\/a><\/p>\n<p>27. J\u00e4nner 2017, Verkehr: <a href=\"https:\/\/www.gsv.co.at\/wp-content\/uploads\/Fuhrparkmangement Verkehr 2017 01 27.pdf\">E-Mobilit\u00e4t im Fuhrpark kann sich rechnen<\/a><\/p>\n<p>12. J\u00e4nner 2017, MOTOR KURIER: <a href=\"https:\/\/www.gsv.co.at\/wp-content\/uploads\/Salzstreuung MOTOR KURIER 2017 01 12.pdf\">Salzstreuung: Das Umdenken hat begonnen<\/a><\/p>\n<p><strong><br \/>\n2016<\/strong><\/p>\n<p>Dezember 2016, a3 DAS BAUMAGAZIN: <a href=\"https:\/\/www.gsv.co.at\/wp-content\/uploads\/UVP Baumagazin.pdf\">UVP-Verfahren Neu Programmierter Stillstand<\/a><\/p>\n<p>25. November 2016, \u00d6st. Bauzeitung: <a href=\"https:\/\/www.gsv.co.at\/wp-content\/uploads\/UVP Bauzeitung 2016 11 28.pdf\">Streitpunkt Umweltvertr\u00e4glichkeit<\/a><\/p>\n<p>23. November 2016, LOGISTIK KURIER: <a href=\"https:\/\/www.gsv.co.at\/wp-content\/uploads\/UVP Logistik KURIER.pdf\">Stillstand durch endlose Verfahrensdauer<\/a><\/p>\n<p>11. November 2016, Verkehr: <a href=\"https:\/\/www.gsv.co.at\/wp-content\/uploads\/Verkehr Kfz-Besteuerung.pdf\">GSV Forum: &#8222;Ja&#8220; zur \u00d6kologisierung der Kfz-Besteuerung<\/a><\/p>\n<p>10. November 2016, Trend: <a href=\"http:\/\/www.trend.at\/branchen\/rechtsschutz\/uvp-novelle-viele-infrastrukturprojekte-kippe-7676310\" target=\"_blank\" rel=\"noopener noreferrer\">UVP-Novelle: \u201eViele Infrastrukturprojekte auf der Kippe\u201c<\/a><\/p>\n<p>28. Oktober 2016, medianet.at: <a href=\"http:\/\/medianet.at\/article\/ja-zur-oeko-besteuerung-11278.html\" target=\"_blank\" rel=\"noopener noreferrer\">Ja zur \u00d6ko-Besteuerung<\/a><\/p>\n<p>1. September 2016, MOTOR KURIER: <a href=\"https:\/\/www.gsv.co.at\/wp-content\/uploads\/Fact Sheet Stra\u00dfe MOTOR KURIER 2016 09 01 Kommentar.jpg\" target=\"_blank\" rel=\"noopener noreferrer\">Kommentar: Wo bleibt das Geld?<\/a><\/p>\n<p>8. Juli 2016, Verkehr: <a href=\"https:\/\/www.gsv.co.at\/wp-content\/uploads\/Verkehr Juli 2016.pdf\">Wann kommt automatisiertes Fahren in \u00d6sterreich?<\/a><\/p>\n<p>30. Juni 2016, Tiroler Tageszeitung: <a href=\"http:\/\/www.tt.com\/wirtschaft\/markt\/11658012-91\/selbstfahrende-autos-rollen-auf-%C3%B6sterreich-zu.csp\" target=\"_blank\" rel=\"noopener noreferrer\">Selbstfahrende Autos rollen auf \u00d6sterreich zu<\/a><\/p>\n<p>29. Juni 2016, Heute:<a href=\"http:\/\/www.heute.at\/freizeit\/motor\/Ministerium-stellt-Weichen-fuer-Autonomes-Fahres;art23669,1307418\" target=\"_blank\" rel=\"noopener noreferrer\"> Ministerium stellt Weichen f\u00fcr Autonomes Fahren<\/a><\/p>\n<p>27. Mai 2016, Verkehr: <a href=\"https:\/\/www.gsv.co.at\/wp-content\/uploads\/Verkehr 2016 05 27.pdf\">Digitale (R)evolution der Mobilit\u00e4tsbranche<\/a><\/p>\n<p>20. Mai 2016, Auto-Information Nr. 2320, <a href=\"https:\/\/www.gsv.co.at\/wp-content\/uploads\/Auto Information Nr. 2320.pdf\">GSV-Forum &#8222;Auswirkungen der Digitalisierung auf unsere Mobilit\u00e4t&#8220;<\/a><\/p>\n<p>19. Mai 2016, KFZwirtschaft: <a href=\"http:\/\/www.automotive.at\/kfz-wirtschaft\/das-auto-ohne-lenkrad-wird-kommen-125816\" target=\"_blank\" rel=\"noopener noreferrer\">Das Auto ohne Lenkrad wird kommen<\/a><\/p>\n<p>18. Mai 2016, Die Presse: <a href=\"http:\/\/diepresse.com\/home\/4991301\/\" target=\"_blank\" rel=\"noopener noreferrer\">Wird das Auto zum Luxus?<\/a><\/p>\n<p>6. Mai 2016, Verkehr: <a href=\"https:\/\/www.gsv.co.at\/wp-content\/uploads\/Verkehr Mai 2016.pdf\">Kommentar Wer finanziert Landes- und Gemeindestra\u00dfen?<\/a><\/p>\n<p>Mai 2016, \u00d6VK Nachrichten: <a href=\"https:\/\/www.gsv.co.at\/wp-content\/uploads\/\u00d6VK Nachrichten 10 2016.pdf\">Perspektive Wasserstoff als Kraftstoff<\/a><\/p>\n<p>29. April 2016: Flotte &amp; Wirtschaft: <a href=\"http:\/\/www.flotteundwirtschaft.at\/news.php?id=3023\">Kaputter Asphalt: GSV ortet Handlungsbedarf!<\/a><\/p>\n<p>9. M\u00e4rz 2016, LOGISTIK KURIER: <a href=\"https:\/\/www.gsv.co.at\/wp-content\/uploads\/Lobau LOGISTIK KURIER.pdf\">GSV Kommentar Lobautunnel betrifft nicht nur Wien<\/a><\/p>\n<p>3. M\u00e4rz 2016, Wirtschaftsblatt: <a href=\"https:\/\/www.gsv.co.at\/wp-content\/uploads\/Fernbus Wirtschaftsblatt.pdf\">Neue Buslinien trotz Preiskampfs<\/a><\/p>\n<p>3. M\u00e4rz 2016, KURIER: <a href=\"https:\/\/www.gsv.co.at\/wp-content\/uploads\/Fernbus KURIER.jpg\">Fernbus-Markt: Wer hat Angst vor der Eisenbahn?<\/a><\/p>\n<p>2. M\u00e4rz 2016, Verkehr online: <a href=\"http:\/\/www.verkehr.co.at\/detail\/article\/fernbusse-intensivieren-wettbewerb\/\" target=\"_blank\" rel=\"noopener noreferrer\">Fernbusse intensivieren Wettbewerb<\/a><\/p>\n<p><strong>2015<\/strong><\/p>\n<p>Firmenwagen 6\/2015: <a href=\"https:\/\/www.gsv.co.at\/wp-content\/uploads\/firmenwagen 6 2015 Adventpunsch.pdf\">R\u00fcckblick auf ein ereignisreiches Jahr<\/a><\/p>\n<p>Dezember 2015, Auto &amp; Wirtschaft: <a href=\"https:\/\/www.gsv.co.at\/wp-content\/uploads\/Auto &amp; Wirtschaft Dezember 2015.pdf\">Rot-gr\u00fcne Verkehrspl\u00e4ne f\u00fcr Wien: Streit fortgesetzt<\/a><\/p>\n<p>Dezember 2015, \u00d6VK Nachrichten: <a href=\"https:\/\/www.gsv.co.at\/wp-content\/uploads\/\u00d6VK Nachrichten 9 15.pdf\">Wer steuert in Zukunft unsere Fahrzeuge?<\/a><\/p>\n<p>27.11.2015, Verkehr: <a href=\"https:\/\/www.gsv.co.at\/wp-content\/uploads\/Verkehr Lobautunnel 2015 11 27.pdf\">Kommentar Lobautunnel betrifft nicht nur Wien<\/a><\/p>\n<p>November 2015, Traktuell: <a href=\"https:\/\/www.gsv.co.at\/wp-content\/uploads\/Traktuell 11 2015.pdf\">Wasserstoff als Kraftstoff<\/a><\/p>\n<p>1.10.2016, KFZwirtschaft: <a href=\"http:\/\/www.automotive.at\/kfz-wirtschaft\/gsv-forum-ohne-auto-gehts-nicht-103170\" target=\"_blank\" rel=\"noopener noreferrer\">Ohne Auto geht&#8217;s nicht<\/a><\/p>\n<p>28.08.2015, Verkehr: <a href=\"https:\/\/www.gsv.co.at\/wp-content\/uploads\/Verkehr 2015 08 28.pdf\">Kommentar 70 Jahre &#8222;Dauerbrenner&#8220; Verkehr<\/a><\/p>\n<p>26. Juni 2015, Verkehr: <a href=\"https:\/\/www.gsv.co.at\/wp-content\/uploads\/Verkehr \u00d6sterreichs Luftfahrt im schwebenden Stillstand.pdf\">&#8222;\u00d6sterreichs Luftfahrt im schwebenden Stillstand&#8220;<\/a><\/p>\n<p>24. Juni 2015, InfoEuropa, Beilage Wr. Zeitung: <a href=\"https:\/\/www.gsv.co.at\/wp-content\/uploads\/Beilage Wr. Zeitung InfoEuropa 2 2015.pdf\" target=\"_blank\" rel=\"noopener noreferrer\">Mobilit\u00e4t &#8211; nachhaltig und f\u00fcr alle<\/a><\/p>\n<p>17. Juni 2015, info4you: <a href=\"http:\/\/www.info4you.co.at\/forstinger_read.php?id=11922\">&#8222;Flugabgabe ohne \u00f6kologische Lenkungsfunktion?&#8220;<\/a><\/p>\n<p>Juni 2015, STRAG\u00dc: <a href=\"https:\/\/www.gsv.co.at\/wp-content\/uploads\/Strag\u00fc_Antriebstechnologien und Krafstoffe.pdf\" target=\"_blank\" rel=\"noopener noreferrer\">Mit der Kraft der Sonne<\/a><\/p>\n<p>Juni 2015, Verkehr: <a href=\"https:\/\/www.gsv.co.at\/wp-content\/uploads\/Verkehr Verbrennungsmotor bleibt dominierend.pdf\" target=\"_blank\" rel=\"noopener noreferrer\">Der Verbrennungsmotor bleibt (noch) dominierend<\/a><\/p>\n<p>Mai 2015, \u00d6VK Nachrichten: <a href=\"https:\/\/www.gsv.co.at\/wp-content\/uploads\/\u00d6VK Nachrichten Galileo.pdf\" target=\"_blank\" rel=\"noopener noreferrer\">\u201eGalileo\u201c \u2013 ein europ\u00e4isches Projekt mit viel Potenzial<\/a><\/p>\n<p>15.05.2015, Verkehr: <a href=\"https:\/\/www.gsv.co.at\/wp-content\/uploads\/Verkehr Autonomes Fahren kommt.pdf\" target=\"_blank\" rel=\"noopener noreferrer\">Autonomes Fahren kommt<\/a><\/p>\n<p>03.05.2015, Die Presse:&nbsp;<a href=\"http:\/\/diepresse.com\/home\/panorama\/4722273\/index.do\" target=\"_blank\" rel=\"noopener noreferrer\">Stra\u00dfe in Not: Der stille Zerfall einer Infrastruktur<\/a><\/p>\n<p>Mai 2015 Traktuell: <a href=\"https:\/\/www.gsv.co.at\/wp-content\/uploads\/Fr\u00fchlingsfest Traktuell.pdf\" target=\"_blank\" rel=\"noopener noreferrer\">Fr\u00fchlingsfest der GSV<\/a><\/p>\n<p>14.4.2015 firmenflotte:<a href=\"http:\/\/www.firmenflotte.at\/fruehlingsfest-des-gsv\/842991\/\"> Fr\u00fchlingfest der GSV<\/a><\/p>\n<p>30. J\u00e4nner 2015 Verkehr: <a href=\"https:\/\/www.gsv.co.at\/wp-content\/uploads\/Infrastrukturerhaltung Verkehr 2015 01 30.pdf\">Anteil an schlechten Landes- und Gemeindestra\u00dfen steigt weiter an<\/a><\/p>\n<p>29. J\u00e4nner 2015 info4you: <a href=\"http:\/\/www.info4you.co.at\/forstinger_read.php?id=11352\">Schlechte Stra\u00dfen: &#8222;Nein&#8220; zu Road Pricing<\/a><\/p>\n<p>14. J\u00e4nner 2015 AUTO SERVICE Online: <a href=\"http:\/\/www.autoservice-online.at\/erhoehung-der-kfz-steuer-ohne-umwelteffekte\/837031\/\">Erh\u00f6hung der Kfz-Steuer ohne Umwelteffekte<\/a><\/p>\n<p><strong>2014<\/strong><\/p>\n<p>Dezember 2014 \u00d6VK Nachrichten: <a href=\"https:\/\/www.gsv.co.at\/wp-content\/uploads\/\u00d6VK GSV und Ablenkung.pdf\">GSV &#8211; die Plattform f\u00fcr Mobilit\u00e4t &amp; Ablenkung keine Chance geben<\/a><\/p>\n<p>Dezember 2014 GKB Drehscheibe: <a href=\"https:\/\/www.gsv.co.at\/wp-content\/uploads\/GKB Drehscheibe Weint\u00f6gl Renaissance der Regionalbahnen.pdf\">Die Renaissance der Regionalbahnen<\/a><\/p>\n<p>13.12.2014 Kronen Zeitung: <a href=\"https:\/\/www.gsv.co.at\/wp-content\/uploads\/Donauschifffahrt Kronen Zeitung .PNG\">Donauflotte veraltet &#8211; Minister will mehr f\u00fcr Umwelt tun<\/a><\/p>\n<p>November 2014: KOMMUNAL: <a href=\"https:\/\/www.gsv.co.at\/wp-content\/uploads\/Kommunal Regionalbahnen.pdf\">Erfolgsfaktoren f\u00fcr Regionalbahnen<\/a><\/p>\n<p>31.10.2014 Verkehr: <a href=\"https:\/\/www.gsv.co.at\/wp-content\/uploads\/Verkehr Galileo 31.10.2014.pdf\">Trotz der Verz\u00f6gerung braucht Europas Wirtschaft Galileo&nbsp; <\/a><\/p>\n<p>30.10.2014 MOTOR KURIER <a href=\"https:\/\/www.gsv.co.at\/wp-content\/uploads\/Galileo KURIER.PNG\" target=\"_blank\" rel=\"noopener noreferrer\">Warum&#8217;s bei Galileo um mehr geht als um Auto-Navi<\/a><\/p>\n<p>17.10.2014 Verkehr: <a href=\"https:\/\/www.gsv.co.at\/wp-content\/uploads\/Verkehr Regionalbahnen.pdf\">Renaissance der Regionalbahnen?<\/a><\/p>\n<p>26.06.2014 MOTOR KURIER: <a href=\"https:\/\/www.gsv.co.at\/wp-content\/uploads\/Ablenkung KURIER.jpg\">Ablenkung<\/a><\/p>\n<p>Juni 2014 Auto &amp; Wirtschaft: <a href=\"https:\/\/www.gsv.co.at\/wp-content\/uploads\/A&amp;W eCall.pdf\" target=\"_blank\" rel=\"noopener noreferrer\">eCall kommt verz\u00f6gert<\/a><\/p>\n<p>Juni 2014 ATG: <a href=\"https:\/\/www.gsv.co.at\/wp-content\/uploads\/ATG eCall.pdf\" target=\"_blank\" rel=\"noopener noreferrer\">Sicherheit &#8211; bitte warten<\/a><\/p>\n<p>05.06.2014 MOTOR KURIER: <a href=\"https:\/\/www.gsv.co.at\/wp-content\/uploads\/ECall Artikel KURIER.jpg\" target=\"_blank\" rel=\"noopener noreferrer\">Die N\u00f6te des EU-Notrufs &#8222;E-Call&#8220;<\/a><\/p>\n<p>30.05.2014 Verkehr: <a href=\"https:\/\/www.gsv.co.at\/wp-content\/uploads\/ECall Verkehr.pdf\" target=\"_blank\" rel=\"noopener noreferrer\">Europ\u00e4ischer Notruf &#8211; bitte warten?<\/a><\/p>\n<p>Mai 2014 Industriemagazin Spezial: <a href=\"https:\/\/www.gsv.co.at\/wp-content\/uploads\/MikroOEV Industriemagazin.pdf\" target=\"_blank\" rel=\"noopener noreferrer\">Ausged\u00fcnnt &#8211; Mit bedarfsorientierte Mobilit\u00e4t wehren sich Gemeinden gegen die Ausd\u00fcnnung des \u00f6ffentlichen Verkehrs. <\/a><\/p>\n<p>Mai 2014 Traktuell: <a href=\"https:\/\/www.gsv.co.at\/wp-content\/uploads\/Traktuell GSV Fr\u00fchlingstreff.pdf\">GSV Fr\u00fchlingstreff <\/a><\/p>\n<p>20.05.2014 KFZwirtschaft: <a href=\"http:\/\/www.automotive.co.at\/kfz-wirtschaft\/gsv-forum-zum-thema-ecall-15845\" target=\"_blank\" rel=\"noopener noreferrer\">GSV-Forum zum Thema &#8222;eCall&#8220;<\/a><\/p>\n<p>April 2014 Kommunal: <a href=\"https:\/\/www.gsv.co.at\/wp-content\/uploads\/Kommunal Mikro \u00d6V.pdf\" target=\"_blank\" rel=\"noopener noreferrer\">\u00d6ffis im \u00f6ffentlichen Raum &#8211; wie k\u00f6nnen sie wettbewerbsf\u00e4hig werden?<\/a><\/p>\n<p>14.02.2014 Verkehr: <a href=\"https:\/\/www.gsv.co.at\/wp-content\/uploads\/Verkehr Kommentar Rohracher.pdf\" target=\"_blank\" rel=\"noopener noreferrer\">Ein Kommentar der GSV zum aktuellen Regierungsprogramm<\/a><\/p>\n<p>Eine Auswahl von Medienberichten 2013 ist <a href=\"https:\/\/www.gsv.co.at\/wp-content\/uploads\/GSV Printmedien 2013 (2014-01-09).pdf\" target=\"_blank\" rel=\"noopener noreferrer\">hier zu finden<\/a><\/p>\n","protected":false},"excerpt":{"rendered":"<p>Hier finden Sie eine Auswahl von Artikeln \u00fcber GSV-Aktivit\u00e4ten aus den Jahren 2014 &#8211; 2025: 2025 30. Mai 2025, Verkehr: China&#8217;s BRI &#8211; Between Global Strategy and European Hesitation 2024 12. April 2024, Verkehr: GSV-Forum Energiewende Firmenwagen 1 2024: GSV mit neuer Vizepr\u00e4sidentin 2023 Ende 2023, Firmenwagen: GSV mit Adventpunsch 20. April 2023, TRAKTUELL: Fr\u00fchlingsbowle [&hellip;]<\/p>\n","protected":false},"author":1,"featured_media":0,"parent":51,"menu_order":2,"comment_status":"closed","ping_status":"open","template":"","meta":{"_monsterinsights_skip_tracking":false,"_monsterinsights_sitenote_active":false,"_monsterinsights_sitenote_note":"","_monsterinsights_sitenote_category":0,"ngg_post_thumbnail":0,"footnotes":""},"class_list":["post-1158","page","type-page","status-publish","hentry"],"_links":{"self":[{"href":"https:\/\/www.gsv.co.at\/index.php?rest_route=\/wp\/v2\/pages\/1158","targetHints":{"allow":["GET"]}}],"collection":[{"href":"https:\/\/www.gsv.co.at\/index.php?rest_route=\/wp\/v2\/pages"}],"about":[{"href":"https:\/\/www.gsv.co.at\/index.php?rest_route=\/wp\/v2\/types\/page"}],"author":[{"embeddable":true,"href":"https:\/\/www.gsv.co.at\/index.php?rest_route=\/wp\/v2\/users\/1"}],"replies":[{"embeddable":true,"href":"https:\/\/www.gsv.co.at\/index.php?rest_route=%2Fwp%2Fv2%2Fcomments&post=1158"}],"version-history":[{"count":127,"href":"https:\/\/www.gsv.co.at\/index.php?rest_route=\/wp\/v2\/pages\/1158\/revisions"}],"predecessor-version":[{"id":6090,"href":"https:\/\/www.gsv.co.at\/index.php?rest_route=\/wp\/v2\/pages\/1158\/revisions\/6090"}],"up":[{"embeddable":true,"href":"https:\/\/www.gsv.co.at\/index.php?rest_route=\/wp\/v2\/pages\/51"}],"wp:attachment":[{"href":"https:\/\/www.gsv.co.at\/index.php?rest_route=%2Fwp%2Fv2%2Fmedia&parent=1158"}],"curies":[{"name":"wp","href":"https:\/\/api.w.org\/{rel}","templated":true}]}}